{"id":808,"date":"2020-07-14T14:34:54","date_gmt":"2020-07-14T14:34:54","guid":{"rendered":"http:\/\/www.geschichtsverein-mecklenburg.de\/?page_id=808"},"modified":"2025-11-24T15:48:30","modified_gmt":"2025-11-24T15:48:30","slug":"impressum","status":"publish","type":"page","link":"https:\/\/www.geschichtsverein-mecklenburg.de\/?page_id=808","title":{"rendered":"Impressum"},"content":{"rendered":"<p><span style=\"color: #000000; font-family: Arial; font-size: medium;\"><span style=\"color: #000000; font-family: Arial; font-size: medium;\">[nach \u00a7 5 Telemediengesetz (TMG)]<\/span><\/span><\/p>\n<p><span style=\"color: #000000; font-family: Arial; font-size: medium;\"><span style=\"color: #000000; font-family: Arial; font-size: medium;\"><span style=\"color: #000000; font-family: Arial; font-size: medium;\">Verein f\u00fcr mecklenburgische Geschichte und Altertumskunde e. V.<br \/>\n<\/span><span style=\"color: #000000; font-family: Arial; font-size: medium;\"> Graf-Schack-Allee 2<br \/>\n19053 Schwerin<br \/>\nTelefon +49 (0)152593177491<br \/>\nE-Mail <\/span><a href=\"mailto:kontakt@geschichtsverein-mecklenburg.de\"><span style=\"color: #0563c1; font-family: Arial; font-size: medium;\">kontakt@geschichtsverein-mecklenburg.de<\/span><\/a><\/span><\/span><\/p>\n<p><span style=\"color: #000000; font-family: Arial; font-size: medium;\">Vertretungsberechtigte:<br \/>\n<\/span><span style=\"color: #000000; font-family: Arial; font-size: medium;\"> Vorsitzender: Dr. Bernd Kasten<br \/>\nStellvertretender Vorsitzender: Dr. Anke Huschner<br \/>\nStellvertretender Vorsitzender: Christian Krautz<br \/>\nSchatzmeister: Olaf Mirgeler<br \/>\nGesch\u00e4ftsf\u00fchrerin: Dr. Antje Koolman<\/span><\/p>\n<p><span style=\"font-family: Arial;\"><span style=\"color: #000000; font-size: medium;\">Vereinsregister Amtsgericht Schwerin VR 494<\/span><\/span><\/p>\n<p>&nbsp;<\/p>\n<p><strong><span style=\"color: #000000; font-family: Arial; font-size: medium;\">Haftungsausschluss<br \/>\n<\/span><\/strong><span style=\"color: #000000; font-family: Arial; font-size: medium;\"><span style=\"color: #000000; font-family: Arial; font-size: medium;\"><span style=\"color: #000000; font-family: Arial; font-size: medium;\"><span style=\"color: #000000; font-family: Arial; font-size: medium;\"><span style=\"font-family: Arial;\"><span style=\"font-size: medium;\"><span style=\"color: #000000;\"><span style=\"text-decoration: underline;\">Inhalte<\/span><br \/>\n<\/span><\/span><span style=\"color: #000000; font-size: medium;\"> Wir \u00fcbernehmen keinerlei Gew\u00e4hr f\u00fcr die Aktualit\u00e4t, Richtigkeit, Vollst\u00e4ndigkeit oder Qualit\u00e4t der bereitgestellten Informationen. Wir haften nicht f\u00fcr Sch\u00e4den, die aus der Nutzung der angebotenen Informationen entstehen, sofern kein nachweislich vors\u00e4tzliches oder grob fahrl\u00e4ssiges Handeln von Seiten des Vereins vorliegt. Wir behalten uns das Recht vor, Teile der Seiten oder das gesamte Angebot ohne gesonderte Ank\u00fcndigung zu ver\u00e4ndern, zu erg\u00e4nzen, zu l\u00f6schen bzw. zeitweilig oder endg\u00fcltig einzustellen.<br \/>\n<span style=\"font-family: Arial;\"><span style=\"font-size: medium;\"><span style=\"color: #000000;\"><span style=\"text-decoration: underline;\">Verweise und Links<\/span><br \/>\n<\/span><\/span><span style=\"color: #000000; font-size: medium;\"> Unser Angebot enth\u00e4lt Verweise und Links zu externen Seiten Dritter, auf deren Inhalte wir keinen Einfluss haben. Zum Zeitpunkt der Verlinkung wurden die Seiten auf m\u00f6gliche rechtswidrige Inhalte gepr\u00fcft und solche nicht erkannt. F\u00fcr deren Gestaltung und Urheberschaft ist stets der jeweilige Anbieter oder Betreiber der Seiten verantwortlich. Deshalb k\u00f6nnen wir f\u00fcr deren Inhalte keine Gew\u00e4hr \u00fcbernehmen. Sollten Rechtsverletzungen bekannt werden, werden wir entsprechende Links umgehend entfernen.<br \/>\n<span style=\"font-family: Arial;\"><span style=\"font-size: medium;\"><span style=\"color: #000000;\"><span style=\"text-decoration: underline;\">Urheberrecht<\/span><br \/>\n<\/span><\/span><span style=\"color: #000000; font-size: medium;\"> Wir sind bem\u00fcht, die Urheberrechte der verwendeten Bilder, Texte, Tondokumente und Grafiken zu beachten bzw. auf selbst erstelltes oder lizenzfreies Material zur\u00fcckzugreifen. Die auf unseren Seiten erstellten Werke und Inhalte unterliegen dem Schutz des Urheberrechts und anderer Schutzgesetze. Die Vervielf\u00e4ltigung, Bearbeitung, Verbreitung und jede Art der Verwertung au\u00dferhalb der Grenzen dieser Rechte bed\u00fcrfen der ausdr\u00fccklichen schriftliche Zustimmung der jeweiligen Rechteinhaber. Die Rechte der Bildinhaber sind in jedem Fall zu ber\u00fccksichtigen.<br \/>\n<span style=\"font-size: medium;\"><span style=\"color: #000000;\"><span style=\"font-family: Arial;\"><span style=\"text-decoration: underline;\">Datenschutz<\/span><br \/>\n<\/span><\/span><\/span><span style=\"color: #000000; font-family: Arial; font-size: medium;\"> Wir bem\u00fchen uns, personenbezogene Daten stets in \u00dcbereinstimmung mit den jeweils geltenden Datenschutzbestimmungen zu erheben und zu nutzen.<br \/>\nDer Nutzung von im Rahmen der Impressumspflicht ver\u00f6ffentlichten Kontaktdaten durch Dritte zur \u00dcbersendung von nicht ausdr\u00fccklich angeforderter Werbung und Informationsmaterialien wird hiermit ausdr\u00fccklich widersprochen.<\/span><\/span><\/span><\/span><\/span><\/span><\/span><\/span><\/span><\/span><\/span><\/p>\n","protected":false},"excerpt":{"rendered":"<p>[nach \u00a7 5 Telemediengesetz (TMG)] Verein f\u00fcr mecklenburgische Geschichte und Altertumskunde e. V. Graf-Schack-Allee 2 19053 Schwerin Telefon +49 (0)152593177491 E-Mail kontakt@geschichtsverein-mecklenburg.de Vertretungsberechtigte: Vorsitzender: Dr. Bernd Kasten Stellvertretender Vorsitzender: Dr. &hellip; <a class=\"readmore\" href=\"https:\/\/www.geschichtsverein-mecklenburg.de\/?page_id=808\">Continue reading <span class=\"meta-nav\">&rarr;<\/span><\/a><\/p>\n","protected":false},"author":1,"featured_media":0,"parent":0,"menu_order":6,"comment_status":"open","ping_status":"open","template":"","meta":{"footnotes":""},"class_list":["post-808","page","type-page","status-publish","hentry"],"_links":{"self":[{"href":"https:\/\/www.geschichtsverein-mecklenburg.de\/index.php?rest_route=\/wp\/v2\/pages\/808"}],"collection":[{"href":"https:\/\/www.geschichtsverein-mecklenburg.de\/index.php?rest_route=\/wp\/v2\/pages"}],"about":[{"href":"https:\/\/www.geschichtsverein-mecklenburg.de\/index.php?rest_route=\/wp\/v2\/types\/page"}],"author":[{"embeddable":true,"href":"https:\/\/www.geschichtsverein-mecklenburg.de\/index.php?rest_route=\/wp\/v2\/users\/1"}],"replies":[{"embeddable":true,"href":"https:\/\/www.geschichtsverein-mecklenburg.de\/index.php?rest_route=%2Fwp%2Fv2%2Fcomments&post=808"}],"version-history":[{"count":8,"href":"https:\/\/www.geschichtsverein-mecklenburg.de\/index.php?rest_route=\/wp\/v2\/pages\/808\/revisions"}],"predecessor-version":[{"id":1145,"href":"https:\/\/www.geschichtsverein-mecklenburg.de\/index.php?rest_route=\/wp\/v2\/pages\/808\/revisions\/1145"}],"wp:attachment":[{"href":"https:\/\/www.geschichtsverein-mecklenburg.de\/index.php?rest_route=%2Fwp%2Fv2%2Fmedia&parent=808"}],"curies":[{"name":"wp","href":"https:\/\/api.w.org\/{rel}","templated":true}]}}