{"id":789,"date":"2019-12-16T12:51:38","date_gmt":"2019-12-16T12:51:38","guid":{"rendered":"http:\/\/www.geschichtsverein-mecklenburg.de\/?page_id=789"},"modified":"2022-01-05T09:46:52","modified_gmt":"2022-01-05T09:46:52","slug":"aktuelles-jahrbuch-134-2019","status":"publish","type":"page","link":"https:\/\/www.geschichtsverein-mecklenburg.de\/?page_id=789","title":{"rendered":"Mecklenburgische Jahrb\u00fccher 135 (2020)"},"content":{"rendered":"<h2><strong>Inhaltsverzeichnis<\/strong><\/h2>\n<h3><strong>Jahrgang\u00a0135 (2020)<\/strong><\/h3>\n<table width=\"0\">\n<tbody>\n<tr>\n<td width=\"255\"><strong>Aufs\u00e4tze und Miszellen<\/strong><\/td>\n<td width=\"425\"><strong>\u00a0<\/strong><\/td>\n<td width=\"73\"><\/td>\n<\/tr>\n<tr>\n<td width=\"255\">\u00a0Albrecht Cordes<\/td>\n<td width=\"425\">Zwischen Magdeburg und L\u00fcbeck. Die Schweriner Stadtrechtsfamilie<\/td>\n<td width=\"76\">\u00a07<\/td>\n<\/tr>\n<tr>\n<td width=\"255\">\u00a0Andreas R\u00f6pcke<\/td>\n<td width=\"425\">Der vergessene K\u00f6nigssohn. Erinnerung an Herzog Erich von Mecklenburg, Prinz von Schweden, Herr von Gotland (<strong>\u2020<\/strong> 1397)<\/td>\n<td width=\"76\">\u00a025<\/td>\n<\/tr>\n<tr>\n<td width=\"255\">\u00a0Anke Huschner<\/td>\n<td width=\"425\">Adlige Memorialkultur in Mecklenburg des 15. Jahrhunderts: Die Stiftungen des Ritters Mathias Axekow<\/td>\n<td width=\"76\">35<\/td>\n<\/tr>\n<tr>\n<td width=\"255\">\u00a0Stefan Petersen<\/td>\n<td width=\"425\">Das vergebliche Streben nach dem Bischofsamt \u2013 Herzog Balthasar von Mecklenburg und das Bistum Hildesheim 1472-1474<\/td>\n<td width=\"76\">85<\/td>\n<\/tr>\n<tr>\n<td width=\"255\">\u00a0Klaus Neitmann<\/td>\n<td width=\"425\">Herzog Christoph von Mecklenburg als Koadjutor des Erzstiftes Riga. Voraussetzungen, Ziele und Umst\u00e4nde f\u00fcrstlicher Versorgungspolitik in der Mitte des 16. Jahrhunderts<\/td>\n<td width=\"76\">123<\/td>\n<\/tr>\n<tr>\n<td width=\"255\">\u00a0J\u00f6rg Ansorge<\/td>\n<td width=\"425\">Die Bronzetaufe in der Marienkirche in Plau am See als Bildtr\u00e4ger renaissancezeitlicher Ofenkacheln<\/td>\n<td width=\"76\">159<\/td>\n<\/tr>\n<tr>\n<td width=\"255\">\u00a0Peter Petersen<\/td>\n<td width=\"425\">Die mecklenburgische Bau- und Feuerschutzverordnungen \u2013 st\u00e4dtisches Bauen zwischen st\u00e4dtischer Selbstbestimmung und landesherrlicher Einflussnahme am Beispiel von D\u00f6mitz an der Elbe<\/td>\n<td width=\"76\">\u00a0177<\/td>\n<\/tr>\n<tr>\n<td width=\"255\">\u00a0Helmut Neuhaus<\/td>\n<td width=\"425\">Karl Hegel in Mecklenburg von 1841 bis 1856<\/td>\n<td width=\"76\">\u00a0221<\/td>\n<\/tr>\n<tr>\n<td width=\"255\">\u00a0Jana Behnke<\/td>\n<td width=\"425\">Luise Algenstaedt (1861-1947): Lebenswerk und Bild einer Mecklenburger Schriftstellerin<\/td>\n<td width=\"76\">\u00a0247<\/td>\n<\/tr>\n<tr>\n<td width=\"255\">Bernd Kasten<\/td>\n<td width=\"425\">Die ersten Automobile in Mecklenburg 1899-1918<\/td>\n<td width=\"76\">281<\/td>\n<\/tr>\n<tr>\n<td width=\"255\">Seraphin Feuchte<\/td>\n<td width=\"425\">Die Werke Richard Wagners am Rostocker Volkstheater 1945-1990<\/td>\n<td width=\"76\">303<\/td>\n<\/tr>\n<tr>\n<td width=\"255\"><em>\u00a0<\/em><strong>Dokumentation<\/strong><\/td>\n<td width=\"425\"><strong>\u00a0<\/strong><\/td>\n<td width=\"76\"><\/td>\n<\/tr>\n<tr>\n<td width=\"255\">\u00a0Christine Magin u. Falk Eisermann<\/td>\n<td width=\"425\">GROTET SISTU MARIA. Eine sp\u00e4tmittelalterliche niederdeutsche Inschrift in Kraak<\/td>\n<td width=\"76\">327<\/td>\n<\/tr>\n<tr>\n<td width=\"255\">\u00a0Ann Marie Rasmussen<\/td>\n<td width=\"425\">Das Portr\u00e4t von Herzog Heinrich V. von Mecklenburg in North Carolina (USA)<\/td>\n<td width=\"76\">339<\/td>\n<\/tr>\n<tr>\n<td width=\"255\">\u00a0Antje Koolman<\/td>\n<td width=\"425\">Ein Ehekontrakt aus dem 16. Jahrhundert zwischen Caspar Gans zu Putlitz und Agnes von Sch\u00f6neich<\/td>\n<td width=\"76\">343<\/td>\n<\/tr>\n<tr>\n<td width=\"255\">\u00a0Walter Schiffer<\/td>\n<td width=\"425\">J\u00fcdische Grabsteininschriften als steinernes Archiv \u2013 zum Grabsteinfund im Ivenacker Teehaus<\/td>\n<td width=\"76\">353<\/td>\n<\/tr>\n<tr>\n<td width=\"255\">\u00a0Florian Ostrop<\/td>\n<td width=\"425\">Eine besondere Begegnung zwischen hei\u00dfem und Kaltem Krieg<\/td>\n<td width=\"76\">363<\/td>\n<\/tr>\n<tr>\n<td width=\"255\">Alla Dmytruk<\/td>\n<td width=\"425\">Neuerscheinungen des Jahres 2019 zur mecklenburgischen Geschichte in Auswahl<\/td>\n<td width=\"76\">369<\/td>\n<\/tr>\n<tr>\n<td width=\"255\">\u00a0<strong>Vereinsnachrichten<\/strong><\/td>\n<td width=\"425\"><strong>\u00a0<\/strong><\/td>\n<td width=\"76\"><\/td>\n<\/tr>\n<tr>\n<td width=\"255\"><\/td>\n<td width=\"425\">T\u00e4tigkeitsbericht des Vereins f\u00fcr mecklenburgische Geschichte und Altertumskunde e. V. f\u00fcr das Jahr 2019<\/td>\n<td width=\"76\"><strong>\u00a0<\/strong>377<\/td>\n<\/tr>\n<tr>\n<td width=\"255\"><\/td>\n<td width=\"425\">Aus der Arbeit der Historischen Kommission f\u00fcr Mecklenburg e. V. 2019<\/td>\n<td width=\"76\">\u00a0381<\/td>\n<\/tr>\n<tr>\n<td width=\"255\"><\/td>\n<td width=\"425\">Abk\u00fcrzungsverzeichnis<\/td>\n<td width=\"76\">\u00a0383<\/td>\n<\/tr>\n<\/tbody>\n<\/table>\n<p>&nbsp;<\/p>\n","protected":false},"excerpt":{"rendered":"<p>Inhaltsverzeichnis Jahrgang\u00a0135 (2020) Aufs\u00e4tze und Miszellen \u00a0 \u00a0Albrecht Cordes Zwischen Magdeburg und L\u00fcbeck. Die Schweriner Stadtrechtsfamilie \u00a07 \u00a0Andreas R\u00f6pcke Der vergessene K\u00f6nigssohn. Erinnerung an Herzog Erich von Mecklenburg, Prinz von &hellip; <a class=\"readmore\" href=\"https:\/\/www.geschichtsverein-mecklenburg.de\/?page_id=789\">Continue reading <span class=\"meta-nav\">&rarr;<\/span><\/a><\/p>\n","protected":false},"author":1,"featured_media":0,"parent":582,"menu_order":8,"comment_status":"open","ping_status":"open","template":"","meta":{"footnotes":""},"class_list":["post-789","page","type-page","status-publish","hentry"],"_links":{"self":[{"href":"https:\/\/www.geschichtsverein-mecklenburg.de\/index.php?rest_route=\/wp\/v2\/pages\/789"}],"collection":[{"href":"https:\/\/www.geschichtsverein-mecklenburg.de\/index.php?rest_route=\/wp\/v2\/pages"}],"about":[{"href":"https:\/\/www.geschichtsverein-mecklenburg.de\/index.php?rest_route=\/wp\/v2\/types\/page"}],"author":[{"embeddable":true,"href":"https:\/\/www.geschichtsverein-mecklenburg.de\/index.php?rest_route=\/wp\/v2\/users\/1"}],"replies":[{"embeddable":true,"href":"https:\/\/www.geschichtsverein-mecklenburg.de\/index.php?rest_route=%2Fwp%2Fv2%2Fcomments&post=789"}],"version-history":[{"count":9,"href":"https:\/\/www.geschichtsverein-mecklenburg.de\/index.php?rest_route=\/wp\/v2\/pages\/789\/revisions"}],"predecessor-version":[{"id":891,"href":"https:\/\/www.geschichtsverein-mecklenburg.de\/index.php?rest_route=\/wp\/v2\/pages\/789\/revisions\/891"}],"up":[{"embeddable":true,"href":"https:\/\/www.geschichtsverein-mecklenburg.de\/index.php?rest_route=\/wp\/v2\/pages\/582"}],"wp:attachment":[{"href":"https:\/\/www.geschichtsverein-mecklenburg.de\/index.php?rest_route=%2Fwp%2Fv2%2Fmedia&parent=789"}],"curies":[{"name":"wp","href":"https:\/\/api.w.org\/{rel}","templated":true}]}}