{"id":751,"date":"2018-12-13T16:31:29","date_gmt":"2018-12-13T16:31:29","guid":{"rendered":"http:\/\/www.geschichtsverein-mecklenburg.de\/?page_id=751"},"modified":"2018-12-13T16:31:29","modified_gmt":"2018-12-13T16:31:29","slug":"mecklenburgische-jahrbuecher-132-2017","status":"publish","type":"page","link":"https:\/\/www.geschichtsverein-mecklenburg.de\/?page_id=751","title":{"rendered":"Mecklenburgische Jahrb\u00fccher 132 (2017)"},"content":{"rendered":"<h2 class=\"entry-title\"><strong>Inhaltsverzeichnis<\/strong><\/h2>\n<div class=\"entry-content\">\n<p><strong><em>Jahrgang 132 (2017)<\/em><\/strong><\/p>\n<table>\n<tbody>\n<tr>\n<td width=\"141\"><\/td>\n<td width=\"365\"><strong>Aufs\u00e4tze und Miszellen<\/strong><\/td>\n<td width=\"107\"><strong>\u00a0<\/strong><\/td>\n<\/tr>\n<tr>\n<td width=\"141\">Enno B\u00fcnz<\/td>\n<td width=\"365\">Das Domkapitel Ratzeburg \u2013 oder der lange Weg zur Normalit\u00e4t (12. \u2013 16. Jahrhundert)<\/td>\n<td width=\"107\">7<\/td>\n<\/tr>\n<tr>\n<td width=\"141\">Wolfgang Huschner<\/td>\n<td width=\"365\">Raub oder Recht? Der Umgang mit Schiffbruch und Strandgut an der mecklenburgischen Ostseek\u00fcste (13. \u2013 16. Jahrhundert)<\/td>\n<td width=\"107\">49<\/td>\n<\/tr>\n<tr>\n<td width=\"141\">Tobias Pietsch<\/td>\n<td width=\"365\">Die Doberaner Grabplatten der Axekows<\/td>\n<td width=\"107\">67<\/td>\n<\/tr>\n<tr>\n<td width=\"141\">Konrad Zimmermann<\/td>\n<td width=\"365\">Antikerezeption am Ludwigsluster Hof<\/td>\n<td width=\"107\">85<\/td>\n<\/tr>\n<tr>\n<td width=\"141\">Matthias Manke<\/td>\n<td width=\"365\">Der ewige F\u00fcrst? Das 50. Regierungsjubil\u00e4um des Gro\u00dfherzogs Friedrich Franz I. von Mecklenburg-Schwerin am 24. April 1835<\/td>\n<td width=\"107\">133<\/td>\n<\/tr>\n<tr>\n<td width=\"141\">Wolf Karge<\/td>\n<td width=\"365\">Russisch-orthodoxes Leben in Ludwigslust<\/td>\n<td width=\"107\">179<\/td>\n<\/tr>\n<tr>\n<td width=\"141\">G\u00fcnter Reinsch (\u2020)<br \/>\nHg. u. eingel. v. Andreas R\u00f6pcke<\/td>\n<td width=\"365\">Die \u201eamerikanischen Jahre\u201c Wilhelm Benques (1849-1861)<\/td>\n<td width=\"107\">199<\/td>\n<\/tr>\n<tr>\n<td width=\"141\">Bernd Kasten<\/td>\n<td width=\"365\">Audienz beim Gro\u00dfherzog \u2013 Volksn\u00e4he und Regierungsstil der mecklenburgischen F\u00fcrsten 1849-1918<\/td>\n<td width=\"107\">223<\/td>\n<\/tr>\n<tr>\n<td width=\"141\">Jakob Schwichtenberg<\/td>\n<td width=\"365\">Hofphotographen unter Gro\u00dfherzog Friedrich Franz IV. von Mecklenburg-Schwerin<\/td>\n<td width=\"107\">243<\/td>\n<\/tr>\n<tr>\n<td width=\"141\"><em>\u00a0<\/em><\/td>\n<td width=\"365\"><strong>Dokumentation<\/strong><\/td>\n<td width=\"107\"><\/td>\n<\/tr>\n<tr>\n<td width=\"141\">Ernst M\u00fcnch<\/td>\n<td width=\"365\">Die Listen des mecklenburgischen Aufgebots zur L\u00fcbischen Fahede im Jahr 1506. Edition und quellenkritische Anmerkungen<\/td>\n<td width=\"107\">265<\/td>\n<\/tr>\n<tr>\n<td width=\"141\">Andreas R\u00f6pcke<\/td>\n<td width=\"365\">Dompropst Reimar Hahns Einladung nach B\u00fctzow 1516<\/td>\n<td width=\"107\">305<\/td>\n<\/tr>\n<tr>\n<td width=\"141\">Andreas R\u00f6pcke<\/td>\n<td width=\"365\">Die Gadebuscher Schenkhausordnung von 1588<\/td>\n<td width=\"107\">309<\/td>\n<\/tr>\n<tr>\n<td width=\"141\">Alla Dmytruk<\/td>\n<td width=\"365\">Neuerscheinungen des Jahres 2016 zur mecklenburgischen Geschichte in Auswahl<\/td>\n<td width=\"107\">315<\/td>\n<\/tr>\n<tr>\n<td width=\"141\"><\/td>\n<td width=\"365\"><strong>Vereinsnachrichten<\/strong><\/td>\n<td width=\"107\"><strong>\u00a0<\/strong><\/td>\n<\/tr>\n<tr>\n<td width=\"141\">Antje Koolman<\/td>\n<td width=\"365\">Nachruf auf Horst Ende (1940-2017)<\/td>\n<td width=\"107\">323<\/td>\n<\/tr>\n<tr>\n<td width=\"141\"><\/td>\n<td width=\"365\">T\u00e4tigkeitsbericht des Vereins f\u00fcr mecklenburgische Geschichte und Altertumskunde e. V. f\u00fcr das Jahr 2016<\/td>\n<td width=\"107\">325<\/td>\n<\/tr>\n<tr>\n<td width=\"141\"><\/td>\n<td width=\"365\">Sachbericht der Historischen Kommission f\u00fcr Mecklenburg e. V. 2016<\/td>\n<td width=\"107\">328<\/td>\n<\/tr>\n<tr>\n<td width=\"141\"><\/td>\n<td width=\"365\">Abk\u00fcrzungsverzeichnis<\/td>\n<td width=\"107\">331<\/td>\n<\/tr>\n<\/tbody>\n<\/table>\n<\/div>\n","protected":false},"excerpt":{"rendered":"<p>Inhaltsverzeichnis Jahrgang 132 (2017) Aufs\u00e4tze und Miszellen \u00a0 Enno B\u00fcnz Das Domkapitel Ratzeburg \u2013 oder der lange Weg zur Normalit\u00e4t (12. \u2013 16. Jahrhundert) 7 Wolfgang Huschner Raub oder Recht? &hellip; <a class=\"readmore\" href=\"https:\/\/www.geschichtsverein-mecklenburg.de\/?page_id=751\">Continue reading <span class=\"meta-nav\">&rarr;<\/span><\/a><\/p>\n","protected":false},"author":1,"featured_media":0,"parent":582,"menu_order":5,"comment_status":"open","ping_status":"open","template":"","meta":{"footnotes":""},"class_list":["post-751","page","type-page","status-publish","hentry"],"_links":{"self":[{"href":"https:\/\/www.geschichtsverein-mecklenburg.de\/index.php?rest_route=\/wp\/v2\/pages\/751"}],"collection":[{"href":"https:\/\/www.geschichtsverein-mecklenburg.de\/index.php?rest_route=\/wp\/v2\/pages"}],"about":[{"href":"https:\/\/www.geschichtsverein-mecklenburg.de\/index.php?rest_route=\/wp\/v2\/types\/page"}],"author":[{"embeddable":true,"href":"https:\/\/www.geschichtsverein-mecklenburg.de\/index.php?rest_route=\/wp\/v2\/users\/1"}],"replies":[{"embeddable":true,"href":"https:\/\/www.geschichtsverein-mecklenburg.de\/index.php?rest_route=%2Fwp%2Fv2%2Fcomments&post=751"}],"version-history":[{"count":4,"href":"https:\/\/www.geschichtsverein-mecklenburg.de\/index.php?rest_route=\/wp\/v2\/pages\/751\/revisions"}],"predecessor-version":[{"id":755,"href":"https:\/\/www.geschichtsverein-mecklenburg.de\/index.php?rest_route=\/wp\/v2\/pages\/751\/revisions\/755"}],"up":[{"embeddable":true,"href":"https:\/\/www.geschichtsverein-mecklenburg.de\/index.php?rest_route=\/wp\/v2\/pages\/582"}],"wp:attachment":[{"href":"https:\/\/www.geschichtsverein-mecklenburg.de\/index.php?rest_route=%2Fwp%2Fv2%2Fmedia&parent=751"}],"curies":[{"name":"wp","href":"https:\/\/api.w.org\/{rel}","templated":true}]}}