{"id":72,"date":"2010-09-27T11:59:34","date_gmt":"2010-09-27T11:59:34","guid":{"rendered":"http:\/\/test.heimatkunde-mv.de\/?page_id=72"},"modified":"2012-04-04T09:34:29","modified_gmt":"2012-04-04T09:34:29","slug":"mecklenburgische-jahrbucher-2008","status":"publish","type":"page","link":"https:\/\/www.geschichtsverein-mecklenburg.de\/?page_id=72","title":{"rendered":"Mecklenburgische Jahrb\u00fccher 123 (2008)"},"content":{"rendered":"<h2>Inhaltsverzeichnis<\/h2>\n<h3>Jahrgang 123 (2008)<\/h3>\n<table border=\"0\">\n<tbody>\n<tr>\n<td valign=\"top\">Wolfgang Huschner<\/td>\n<td valign=\"top\">Heinrich II. von Mecklenburg, Anna von Sachsen-Wittenberg und die Klarissen<\/td>\n<td width=\"70\" valign=\"top\">Seite 7<\/td>\n<\/tr>\n<tr>\n<td valign=\"top\">Oliver Auge<\/td>\n<td valign=\"top\">Mittelalterliche und fr\u00fchneuzeitliche Geschichtsschreibung als verl\u00e4ngerter Arm der Politik? Eine Spurensuche bei Ernst von Kirchberg, Albert Krantz und Nikolaus Marschalk<br \/>\nEine Spurensuche bei Ernst von Kirchberg, Albert Krantz und Nikolaus Marschalk<\/td>\n<td width=\"70\" valign=\"top\">Seite 33<\/td>\n<\/tr>\n<tr>\n<td valign=\"top\">Nils J\u00f6rn<\/td>\n<td valign=\"top\">Die Juristische Fakult\u00e4t der Universit\u00e4t Rostock als Gutachter in Reichskammergerichtsprozessen und die Inanspruchnahme anderer Juristischer Fakult\u00e4ten durch Mecklenburger Parteien \u2013 ein Forschungsbericht<\/td>\n<td width=\"70\" valign=\"top\">Seite 61<\/td>\n<\/tr>\n<tr>\n<td valign=\"top\">Andreas Pe\u010dar<\/td>\n<td valign=\"top\">Bruderzwist im Hause Mecklenburg. Herzog Ulrich (1554-1603) als Prototyp innerfamili\u00e4rer Herrschaftskonkurrenz?<\/td>\n<td width=\"70\" valign=\"top\">Seite 77<\/td>\n<\/tr>\n<tr>\n<td valign=\"top\">Sebastian Joost<\/td>\n<td valign=\"top\">Auf neuen Pfaden &#8211; die ausw\u00e4rtige Politik der Herz\u00f6ge Christian I. Louis und Gustav Adolf<\/td>\n<td width=\"70\" valign=\"top\">Seite 105<\/td>\n<\/tr>\n<tr>\n<td valign=\"top\">Dirk Schleinert<\/td>\n<td valign=\"top\">Anna Maria von Mecklenburg (1627-1669) und August von Sachsen (1614-1680) und die Begr\u00fcndung des Hauses Sachsen-Wei\u00dfenfels. Dynastische Beziehungen zwischen Mecklenburg und Kursachsen im 17. Jahrhundert<\/td>\n<td width=\"70\" valign=\"top\">Seite 123<\/td>\n<\/tr>\n<tr>\n<td valign=\"top\">Ernst M\u00fcnch<\/td>\n<td valign=\"top\">Der Herzog und sein Adjutant. Friedrich Franz I. von Mecklenburg-Schwerin und Johann Kaspar von Boddien<\/td>\n<td width=\"70\" valign=\"top\">Seite 159<\/td>\n<\/tr>\n<tr>\n<td valign=\"top\">Ren\u00e9 Wiese<\/td>\n<td valign=\"top\">Erbgro\u00dfherzogin Auguste von Mecklenburg (1776-1871) zwischen Bad Homburg, Rudolstadt und Ludwigslust<\/td>\n<td width=\"70\" valign=\"top\">Seite 177<\/td>\n<\/tr>\n<tr>\n<td valign=\"top\">Bernd Wollschl\u00e4ger<\/td>\n<td valign=\"top\">Adolf Friedrich Herzog zu Mecklenburg (1873-1969) als Herrenreiter<\/td>\n<td width=\"70\" valign=\"top\">Seite 199<\/td>\n<\/tr>\n<tr>\n<td valign=\"top\">Florian Hoffmann<\/td>\n<td valign=\"top\">\u201eDie Seelen der Juden f\u00fcr Christentum gewinnen\u2026\u201c Der mecklenburgische Judenmissionsverein 1885-1940<\/td>\n<td width=\"70\" valign=\"top\">Seite 211<\/td>\n<\/tr>\n<tr>\n<td valign=\"top\">Bernd Kasten<\/td>\n<td valign=\"top\">Bismarck und der Weltuntergang in Mecklenburg. Zur Geschichte eines historischen Zitats<\/td>\n<td width=\"70\" valign=\"top\">Seite 229<\/td>\n<\/tr>\n<tr>\n<td valign=\"top\">\u00a0<\/td>\n<td valign=\"top\">Was bleibt. Festakt im Schweriner Schloss am 18. Januar 2008 zum 850. Jahrestag der \u00e4ltesten Urkunde Mecklenburgs<\/td>\n<td width=\"70\" valign=\"top\">Seite 243<\/td>\n<\/tr>\n<tr>\n<td valign=\"top\">\u00a0<\/td>\n<td valign=\"top\">Gru\u00dfworte des Ministerpr\u00e4sidenten Mecklenburg-Vorpommerns, Dr. H. Ringstorff, und des Vorsitzenden des Verbands deutscher Archivarinnen und Archivare, Prof. Dr. R. Kretzschmar<\/td>\n<td width=\"70\" valign=\"top\">Seite 244<\/td>\n<\/tr>\n<tr>\n<td valign=\"top\">Tilmann Schmidt<\/td>\n<td valign=\"top\">Die Hadrian-Urkunde des Jahres 1158 f\u00fcr Bischof und Domkapitel von Ratzeburg<\/td>\n<td width=\"70\" valign=\"top\">Seite 251<\/td>\n<\/tr>\n<tr>\n<td valign=\"top\">Matthias Manke (Hg.)<\/td>\n<td valign=\"top\">Mecklenburgische Gutswirtschaft in der Weimarer Republik. Das Tagebuch des Rittergutes Beckendorf (1922\/23)<\/td>\n<td width=\"70\" valign=\"top\">Seite 267<\/td>\n<\/tr>\n<tr>\n<td valign=\"top\">Alla Dmytruk<\/td>\n<td valign=\"top\">Neuerscheinungen zur mecklenburgischen Geschichte des Jahres 2007 in Auswahl<\/td>\n<td width=\"70\" valign=\"top\">Seite 303<\/td>\n<\/tr>\n<\/tbody>\n<\/table>\n","protected":false},"excerpt":{"rendered":"<p>Inhaltsverzeichnis Jahrgang 123 (2008) Wolfgang Huschner Heinrich II. von Mecklenburg, Anna von Sachsen-Wittenberg und die Klarissen Seite 7 Oliver Auge Mittelalterliche und fr\u00fchneuzeitliche Geschichtsschreibung als verl\u00e4ngerter Arm der Politik? Eine &hellip; <a class=\"readmore\" href=\"https:\/\/www.geschichtsverein-mecklenburg.de\/?page_id=72\">Continue reading <span class=\"meta-nav\">&rarr;<\/span><\/a><\/p>\n","protected":false},"author":1,"featured_media":0,"parent":245,"menu_order":6,"comment_status":"open","ping_status":"open","template":"","meta":{"footnotes":""},"class_list":["post-72","page","type-page","status-publish","hentry"],"_links":{"self":[{"href":"https:\/\/www.geschichtsverein-mecklenburg.de\/index.php?rest_route=\/wp\/v2\/pages\/72"}],"collection":[{"href":"https:\/\/www.geschichtsverein-mecklenburg.de\/index.php?rest_route=\/wp\/v2\/pages"}],"about":[{"href":"https:\/\/www.geschichtsverein-mecklenburg.de\/index.php?rest_route=\/wp\/v2\/types\/page"}],"author":[{"embeddable":true,"href":"https:\/\/www.geschichtsverein-mecklenburg.de\/index.php?rest_route=\/wp\/v2\/users\/1"}],"replies":[{"embeddable":true,"href":"https:\/\/www.geschichtsverein-mecklenburg.de\/index.php?rest_route=%2Fwp%2Fv2%2Fcomments&post=72"}],"version-history":[{"count":13,"href":"https:\/\/www.geschichtsverein-mecklenburg.de\/index.php?rest_route=\/wp\/v2\/pages\/72\/revisions"}],"predecessor-version":[{"id":418,"href":"https:\/\/www.geschichtsverein-mecklenburg.de\/index.php?rest_route=\/wp\/v2\/pages\/72\/revisions\/418"}],"up":[{"embeddable":true,"href":"https:\/\/www.geschichtsverein-mecklenburg.de\/index.php?rest_route=\/wp\/v2\/pages\/245"}],"wp:attachment":[{"href":"https:\/\/www.geschichtsverein-mecklenburg.de\/index.php?rest_route=%2Fwp%2Fv2%2Fmedia&parent=72"}],"curies":[{"name":"wp","href":"https:\/\/api.w.org\/{rel}","templated":true}]}}