{"id":630,"date":"2015-11-16T10:53:55","date_gmt":"2015-11-16T10:53:55","guid":{"rendered":"http:\/\/www.geschichtsverein-mecklenburg.de\/?page_id=630"},"modified":"2016-01-07T17:10:30","modified_gmt":"2016-01-07T17:10:30","slug":"mecklenburger-jahrbuecher-129-2014","status":"publish","type":"page","link":"https:\/\/www.geschichtsverein-mecklenburg.de\/?page_id=630","title":{"rendered":"Mecklenburgische Jahrb\u00fccher 129 (2014)"},"content":{"rendered":"<h1><strong>Inhaltsverzeichnis<br \/>\n<\/strong><\/h1>\n<h2><strong><em>Jahrgang 129 (2014)<\/em><\/strong><\/h2>\n<table border=\"0\" cellspacing=\"0\" cellpadding=\"0\" align=\"left\">\n<tbody>\n<tr>\n<td valign=\"top\" width=\"177\"><\/td>\n<td valign=\"top\" width=\"369\"><strong>Aufs\u00e4tze und Miszellen<\/strong><\/td>\n<\/tr>\n<tr>\n<td valign=\"top\" width=\"177\">Andreas R\u00f6pcke<\/td>\n<td valign=\"top\" width=\"369\">\u00dcber historische Nachbarschaft: Das Schweriner und das L\u00fcbecker Domkapitel im Sp\u00e4tmittelalter (1350-1500)<\/td>\n<\/tr>\n<tr>\n<td valign=\"top\" width=\"177\">Anette L\u00f6ffler<\/td>\n<td valign=\"top\" width=\"369\">\u00dcberlegungen zum Buchbestand des Klarissenkonvents Ribnitz anhand der mittelalterlichen Handschriftenfragmente aus dem Nonnengest\u00fchl<\/td>\n<\/tr>\n<tr>\n<td valign=\"top\" width=\"177\">Matthias Manke<\/td>\n<td valign=\"top\" width=\"369\">K\u00f6nigin Luise von Preu\u00dfen. Der nationale Mythos in der mecklenburgischen Geschichtsrezeption<\/td>\n<\/tr>\n<tr>\n<td valign=\"top\" width=\"177\">Max Reinhard Jaehn<\/td>\n<td valign=\"top\" width=\"369\">\u201eEin im h\u00f6chsten Sinne ,politisches\u2018 Instrument\u201c: Die neue Gro\u00dforgel in Rostock vom November 1938<\/td>\n<\/tr>\n<tr>\n<td valign=\"top\" width=\"177\">Michael Buddrus<\/td>\n<td valign=\"top\" width=\"369\">Der \u201eNiederdeutscher Beobachter\u201c. Anmerkungen zur Geschichte der mecklenburgischen NSDAP-Gauzeitung 1925-1945<\/td>\n<\/tr>\n<tr>\n<td valign=\"top\" width=\"177\"><\/td>\n<td valign=\"top\" width=\"369\"><strong>Tagungsbeitr\u00e4ge<\/strong><\/td>\n<\/tr>\n<tr>\n<td valign=\"top\" width=\"177\">Andreas R\u00f6pcke<\/td>\n<td valign=\"top\" width=\"369\">Vorbemerkung<br \/>\nTagung \u201eNie wieder Krieg!\u201c Pazifismus und Friedensbewegung in Mecklenburg und den Nordbezirken der DDR am 11. und 12. April 2014 im Landeshauptarchiv Schwerin<\/td>\n<\/tr>\n<tr>\n<td valign=\"top\" width=\"177\">Bernd Kasten<\/td>\n<td valign=\"top\" width=\"369\">Die Deutsche Friedensgesellschaft in Mecklenburg 1892-1933<\/td>\n<\/tr>\n<tr>\n<td valign=\"top\" width=\"177\">Falk Bersch<\/td>\n<td valign=\"top\" width=\"369\">Die Kriegsdienstverweigerung der Zeugen Jehovas in Mecklenburg und den drei Nordbezirken der DDR 1914-1990<\/td>\n<\/tr>\n<tr>\n<td valign=\"top\" width=\"177\">Wolf Karge<\/td>\n<td valign=\"top\" width=\"369\">Mahn- und Ehrenmale f\u00fcr die Toten des Ersten Weltkriegs in Mecklenburg \u2013 eine Sinnsuche zwischen \u201eFindlingspest\u201c und Barlachs \u201eDomengel\u201c in G\u00fcstrow<\/td>\n<\/tr>\n<tr>\n<td valign=\"top\" width=\"177\">Susanna Misgajski<\/td>\n<td valign=\"top\" width=\"369\">Bausoldaten: Die Waffendienstverweigerer der DDR unter besonderer Ber\u00fccksichtigung des Milit\u00e4rstandortes Prora<\/td>\n<\/tr>\n<tr>\n<td valign=\"top\" width=\"177\">Sandra Pingel-Schliemann<\/td>\n<td valign=\"top\" width=\"369\">Die Bewegung \u201eSchwerter zu Pflugscharen\u201c in Mecklenburg<\/td>\n<\/tr>\n<tr>\n<td valign=\"top\" width=\"177\"><\/td>\n<td valign=\"top\" width=\"369\"><strong>Dokumentation<\/strong><\/td>\n<\/tr>\n<tr>\n<td valign=\"top\" width=\"177\">Friederike Drinkuth<\/td>\n<td valign=\"top\" width=\"369\">Zur Identifikation und Bedeutung einer Aussteuerliste von Herzogin Elisabeth Albertine zu Mecklenburg-Strelitz<\/td>\n<\/tr>\n<tr>\n<td valign=\"top\" width=\"177\">Hans Uwe Trauthan<\/td>\n<td valign=\"top\" width=\"369\">Ein englischer K\u00f6nig und eine deutsche Prinzessin \u2013 ein gl\u00e4serner Pokal dokumentiert ihre historische Verbindung<\/td>\n<\/tr>\n<tr>\n<td valign=\"top\" width=\"177\">Bernd Kasten (Hg.)<\/td>\n<td valign=\"top\" width=\"369\">Das Tagebuch Wilhelm von Oertzens aus den ersten Augusttagen1914<\/td>\n<\/tr>\n<tr>\n<td valign=\"top\" width=\"177\">Regine Marquardt<\/td>\n<td valign=\"top\" width=\"369\">Helden wie wir. Ein Zeitzeugenbericht<\/td>\n<\/tr>\n<tr>\n<td valign=\"top\" width=\"177\">Alla Dmytruk<\/td>\n<td valign=\"top\" width=\"369\">Neuerscheinungen des Jahres 2013 zur mecklenburgischen Geschichte in Auswahl<\/td>\n<\/tr>\n<tr>\n<td valign=\"top\" width=\"177\"><\/td>\n<td valign=\"top\" width=\"369\"><strong>Vereinsnachrichten<\/strong><\/td>\n<\/tr>\n<tr>\n<td valign=\"top\" width=\"177\"><\/td>\n<td valign=\"top\" width=\"369\">T\u00e4tigkeitsbericht des Vereins f\u00fcr mecklenburgische Geschichte und Altertumskunde e. V. f\u00fcr das Jahr 2013<\/td>\n<\/tr>\n<tr>\n<td valign=\"top\" width=\"177\"><\/td>\n<td valign=\"top\" width=\"369\">Aus der Arbeit der Historischen Kommission f\u00fcr Mecklenburg e. V. 2013<\/td>\n<\/tr>\n<tr>\n<td valign=\"top\" width=\"177\"><\/td>\n<td valign=\"top\" width=\"369\">Abk\u00fcrzungsverzeichnis<\/td>\n<\/tr>\n<\/tbody>\n<\/table>\n","protected":false},"excerpt":{"rendered":"<p>Inhaltsverzeichnis Jahrgang 129 (2014) Aufs\u00e4tze und Miszellen Andreas R\u00f6pcke \u00dcber historische Nachbarschaft: Das Schweriner und das L\u00fcbecker Domkapitel im Sp\u00e4tmittelalter (1350-1500) Anette L\u00f6ffler \u00dcberlegungen zum Buchbestand des Klarissenkonvents Ribnitz anhand &hellip; <a class=\"readmore\" href=\"https:\/\/www.geschichtsverein-mecklenburg.de\/?page_id=630\">Continue reading <span class=\"meta-nav\">&rarr;<\/span><\/a><\/p>\n","protected":false},"author":1,"featured_media":0,"parent":582,"menu_order":2,"comment_status":"open","ping_status":"open","template":"","meta":{"footnotes":""},"class_list":["post-630","page","type-page","status-publish","hentry"],"_links":{"self":[{"href":"https:\/\/www.geschichtsverein-mecklenburg.de\/index.php?rest_route=\/wp\/v2\/pages\/630"}],"collection":[{"href":"https:\/\/www.geschichtsverein-mecklenburg.de\/index.php?rest_route=\/wp\/v2\/pages"}],"about":[{"href":"https:\/\/www.geschichtsverein-mecklenburg.de\/index.php?rest_route=\/wp\/v2\/types\/page"}],"author":[{"embeddable":true,"href":"https:\/\/www.geschichtsverein-mecklenburg.de\/index.php?rest_route=\/wp\/v2\/users\/1"}],"replies":[{"embeddable":true,"href":"https:\/\/www.geschichtsverein-mecklenburg.de\/index.php?rest_route=%2Fwp%2Fv2%2Fcomments&post=630"}],"version-history":[{"count":2,"href":"https:\/\/www.geschichtsverein-mecklenburg.de\/index.php?rest_route=\/wp\/v2\/pages\/630\/revisions"}],"predecessor-version":[{"id":635,"href":"https:\/\/www.geschichtsverein-mecklenburg.de\/index.php?rest_route=\/wp\/v2\/pages\/630\/revisions\/635"}],"up":[{"embeddable":true,"href":"https:\/\/www.geschichtsverein-mecklenburg.de\/index.php?rest_route=\/wp\/v2\/pages\/582"}],"wp:attachment":[{"href":"https:\/\/www.geschichtsverein-mecklenburg.de\/index.php?rest_route=%2Fwp%2Fv2%2Fmedia&parent=630"}],"curies":[{"name":"wp","href":"https:\/\/api.w.org\/{rel}","templated":true}]}}