{"id":564,"date":"2014-09-15T20:46:42","date_gmt":"2014-09-15T20:46:42","guid":{"rendered":"http:\/\/www.geschichtsverein-mecklenburg.de\/?page_id=564"},"modified":"2018-01-17T16:15:31","modified_gmt":"2018-01-17T16:15:31","slug":"vorschau-auf-jahrbuch-129-2014","status":"publish","type":"page","link":"https:\/\/www.geschichtsverein-mecklenburg.de\/?page_id=564","title":{"rendered":"Mecklenburgische Jahrb\u00fccher 131 (2016)"},"content":{"rendered":"<p><strong>Inhaltsverzeichnis<\/strong><\/p>\n<p><strong><em>Jahrgang 131 (2016)<\/em><\/strong><\/p>\n<table style=\"height: 1024px;\" width=\"613\">\n<tbody>\n<tr>\n<td width=\"138\"><\/td>\n<td width=\"364\"><strong>Aufs\u00e4tze und Miszellen<\/strong><\/td>\n<td width=\"104\"><strong>\u00a0<\/strong><\/td>\n<\/tr>\n<tr>\n<td width=\"138\">Tobias Pietsch<\/td>\n<td width=\"364\">Die B\u00fclow-Kapelle im Doberaner M\u00fcnster. Eine genealogische Studie zu den kirchlichen Stiftungen der B\u00fclows im Sp\u00e4tmittelalter<\/td>\n<td width=\"104\">7<\/td>\n<\/tr>\n<tr>\n<td width=\"138\">Sabine Bock<\/td>\n<td width=\"364\">Anmerkungen zur Geschichte und zum Bestand der \u201ePlessenburg\u201c in Arpshagen<\/td>\n<td width=\"104\">57<\/td>\n<\/tr>\n<tr>\n<td width=\"138\">Hans-Uwe Lammel<\/td>\n<td width=\"364\">Leibarzt und Professor. Zum Verh\u00e4ltnis von Hofmedizin und Universit\u00e4tsmedizin am Beispiel von Mecklenburg-Schwerin 1776-1800<\/td>\n<td width=\"104\">75<\/td>\n<\/tr>\n<tr>\n<td width=\"138\">Kathleen Jandausch<\/td>\n<td width=\"364\">Leopold Engelke Hartwig von Plessen (1769-1837) \u2013 ein Leben im Dienste Mecklenburg-Schwerins<\/td>\n<td width=\"104\">103<\/td>\n<\/tr>\n<tr>\n<td width=\"138\">Bernd Kasten<\/td>\n<td width=\"364\">Lakaien, Zimmerm\u00e4dchen und Feuerb\u00f6ter \u2013 das Schweriner Schloss als Arbeitsplatz 1857-1918<\/td>\n<td width=\"104\">147<\/td>\n<\/tr>\n<tr>\n<td width=\"138\">Carsten Wolf<\/td>\n<td width=\"364\">Die \u00dcberwachung der Landwirtschaft im Bezirk Rostock durch das Ministerium f\u00fcr Staatssicherheit in den 1980er Jahren<\/td>\n<td width=\"104\">193<\/td>\n<\/tr>\n<tr>\n<td width=\"138\"><\/td>\n<td width=\"364\"><strong>Tagungsbeitr\u00e4ge<\/strong><\/td>\n<td width=\"104\"><\/td>\n<\/tr>\n<tr>\n<td width=\"138\">Andreas R\u00f6pcke<\/td>\n<td width=\"364\">Tagung \u201eMecklenburg am Vorabend der Reformation\u201c. Vorbemerkung<\/td>\n<td width=\"104\">220<\/td>\n<\/tr>\n<tr>\n<td width=\"138\">Eike Wolgast<\/td>\n<td width=\"364\">das vorreformatosiche landesherrliche Kirchenregiment in Mecklenburg im Vergleich<\/td>\n<td width=\"104\">221<\/td>\n<\/tr>\n<tr>\n<td width=\"138\">Ulrich Andermann<\/td>\n<td width=\"364\">Einfluss des Humanismus auf das geistige Leben in Norddeutschland, besonders in Mecklenburg<\/td>\n<td width=\"104\">243<\/td>\n<\/tr>\n<tr>\n<td width=\"138\">Wolfgang Huschner<\/td>\n<td width=\"364\">Franziskaner und Klarissen in Mecklenburg am Vorabend der Reformation<\/td>\n<td width=\"104\">263<\/td>\n<\/tr>\n<tr>\n<td width=\"138\">Stefan Petersen<\/td>\n<td width=\"364\">Kirchliche Krise am Vorabend der Reformation? Die Situation in der Hansestadt Wismar um 1500<\/td>\n<td width=\"104\">285<\/td>\n<\/tr>\n<tr>\n<td width=\"138\">Andreas R\u00f6pcke<\/td>\n<td width=\"364\">Zutpheld Wardenberg und das Bistum Schwerin<\/td>\n<td width=\"104\">311<\/td>\n<\/tr>\n<tr>\n<td width=\"138\">Detlev Kraack<\/td>\n<td width=\"364\">Jacobus Gottorpius und L\u00fctke Namens im Schweriner Exil. Zwei vertriebene Franziskaner der d\u00e4nischen Ordensprovinz finden 1537-1539 unterschiedliche Antworten auf die Herausforderungen der Reformation<\/td>\n<td width=\"104\">335<\/td>\n<\/tr>\n<tr>\n<td width=\"138\"><\/td>\n<td width=\"364\"><strong>Dokumentation<\/strong><\/td>\n<td width=\"104\"><strong>\u00a0<\/strong><\/td>\n<\/tr>\n<tr>\n<td width=\"138\">Andreas R\u00f6pcke<\/td>\n<td width=\"364\">Das Testament des Schweriner Bischofs Peter Wolkow<\/td>\n<td width=\"104\">359<\/td>\n<\/tr>\n<tr>\n<td width=\"138\">Uwe L\u00fcthje<\/td>\n<td width=\"364\">Der Kammerfotograf Hermann Bobzin aus Schwerin<\/td>\n<td width=\"104\">371<\/td>\n<\/tr>\n<tr>\n<td width=\"138\">Eduard Hlawitschka<\/td>\n<td width=\"364\">Warum Ende Juni 1948, am Ende des Schuljahres 1947\/48, an der Rostocker Goethe-Schule (Oberschule) der Rektor vom Amt suspendiert und einige weitere Lehrkr\u00e4fte aus dem Schuldienst entlassen wurden. Ein Zeitzeugenbeitrag<\/td>\n<td width=\"104\">393<\/td>\n<\/tr>\n<tr>\n<td width=\"138\">Alla Dmytruk<\/td>\n<td width=\"364\">Neuerscheinungen des Jahres 2015 zur mecklenburgischen Geschichte in Auswahl<\/td>\n<td width=\"104\">407<\/td>\n<\/tr>\n<tr>\n<td width=\"138\"><\/td>\n<td width=\"364\"><strong>Vereinsnachrichten<\/strong><\/td>\n<td width=\"104\"><strong>\u00a0<\/strong><\/td>\n<\/tr>\n<tr>\n<td width=\"138\"><\/td>\n<td width=\"364\">T\u00e4tigkeitsbericht des Vereins f\u00fcr mecklenburgische Geschichte und Altertumskunde e. V. f\u00fcr das Jahr 2015<\/td>\n<td width=\"104\">417<\/td>\n<\/tr>\n<tr>\n<td width=\"138\"><\/td>\n<td width=\"364\">Aus der Arbeit der Historischen Kommission f\u00fcr Mecklenburg e. V. 2015<\/td>\n<td width=\"104\">420<\/td>\n<\/tr>\n<tr>\n<td width=\"138\"><\/td>\n<td width=\"364\">Abk\u00fcrzungsverzeichnis<\/td>\n<td width=\"104\">422<\/td>\n<\/tr>\n<\/tbody>\n<\/table>\n","protected":false},"excerpt":{"rendered":"<p>Inhaltsverzeichnis Jahrgang 131 (2016) Aufs\u00e4tze und Miszellen \u00a0 Tobias Pietsch Die B\u00fclow-Kapelle im Doberaner M\u00fcnster. Eine genealogische Studie zu den kirchlichen Stiftungen der B\u00fclows im Sp\u00e4tmittelalter 7 Sabine Bock Anmerkungen &hellip; <a class=\"readmore\" href=\"https:\/\/www.geschichtsverein-mecklenburg.de\/?page_id=564\">Continue reading <span class=\"meta-nav\">&rarr;<\/span><\/a><\/p>\n","protected":false},"author":1,"featured_media":0,"parent":582,"menu_order":4,"comment_status":"open","ping_status":"open","template":"","meta":{"footnotes":""},"class_list":["post-564","page","type-page","status-publish","hentry"],"_links":{"self":[{"href":"https:\/\/www.geschichtsverein-mecklenburg.de\/index.php?rest_route=\/wp\/v2\/pages\/564"}],"collection":[{"href":"https:\/\/www.geschichtsverein-mecklenburg.de\/index.php?rest_route=\/wp\/v2\/pages"}],"about":[{"href":"https:\/\/www.geschichtsverein-mecklenburg.de\/index.php?rest_route=\/wp\/v2\/types\/page"}],"author":[{"embeddable":true,"href":"https:\/\/www.geschichtsverein-mecklenburg.de\/index.php?rest_route=\/wp\/v2\/users\/1"}],"replies":[{"embeddable":true,"href":"https:\/\/www.geschichtsverein-mecklenburg.de\/index.php?rest_route=%2Fwp%2Fv2%2Fcomments&post=564"}],"version-history":[{"count":12,"href":"https:\/\/www.geschichtsverein-mecklenburg.de\/index.php?rest_route=\/wp\/v2\/pages\/564\/revisions"}],"predecessor-version":[{"id":692,"href":"https:\/\/www.geschichtsverein-mecklenburg.de\/index.php?rest_route=\/wp\/v2\/pages\/564\/revisions\/692"}],"up":[{"embeddable":true,"href":"https:\/\/www.geschichtsverein-mecklenburg.de\/index.php?rest_route=\/wp\/v2\/pages\/582"}],"wp:attachment":[{"href":"https:\/\/www.geschichtsverein-mecklenburg.de\/index.php?rest_route=%2Fwp%2Fv2%2Fmedia&parent=564"}],"curies":[{"name":"wp","href":"https:\/\/api.w.org\/{rel}","templated":true}]}}