{"id":546,"date":"2014-01-21T22:38:02","date_gmt":"2014-01-21T22:38:02","guid":{"rendered":"http:\/\/www.geschichtsverein-mecklenburg.de\/?page_id=546"},"modified":"2014-01-21T22:38:02","modified_gmt":"2014-01-21T22:38:02","slug":"mecklenburgische-jahrbucher-127-2012","status":"publish","type":"page","link":"https:\/\/www.geschichtsverein-mecklenburg.de\/?page_id=546","title":{"rendered":"Mecklenburgische Jahrb\u00fccher 127 (2012)"},"content":{"rendered":"<p><strong>Inhaltsverzeichnis<\/strong><\/p>\n<p><strong><em>Jahrgang 127 (2012)<\/em><\/strong><\/p>\n<table border=\"0\" cellspacing=\"0\" cellpadding=\"0\" width=\"603\">\n<tbody>\n<tr>\n<td colspan=\"2\" width=\"461\" valign=\"top\"><strong>Aufs\u00e4tze und Miszellen<\/strong><\/td>\n<td width=\"142\" valign=\"top\"><\/td>\n<\/tr>\n<tr>\n<td width=\"131\" valign=\"top\">Klaus Kr\u00fcger:<\/td>\n<td width=\"330\" valign=\"top\">Kunst gegen den Tod. Die   Schweriner Messinggrabplatten im europ\u00e4ischen Zusammenhang<\/td>\n<td width=\"142\" valign=\"top\">Seite 7<\/td>\n<\/tr>\n<tr>\n<td width=\"131\" valign=\"top\">Tilmann Schmidt:<\/td>\n<td width=\"330\" valign=\"top\">Rostock in der Reichsacht und der   Auszug der Universit\u00e4t nach Greifswald<\/td>\n<td width=\"142\" valign=\"top\">Seite 37<\/td>\n<\/tr>\n<tr>\n<td width=\"131\" valign=\"top\">Andreas R\u00f6pcke:<\/td>\n<td width=\"330\" valign=\"top\">Das kurze Leben des Schweriner   Bischofs Gottfried Lange<\/td>\n<td width=\"142\" valign=\"top\">Seite 57<\/td>\n<\/tr>\n<tr>\n<td width=\"131\" valign=\"top\">Ren\u00e9 Wiese:<\/td>\n<td width=\"330\" valign=\"top\">Kirchenst\u00fchle im l\u00e4ndlichen   Mecklenburg \u2013 Streiflichter aus vier Jahrhunderten Landes- und   Kirchengeschichte<\/td>\n<td width=\"142\" valign=\"top\">Seite 65<\/td>\n<\/tr>\n<tr>\n<td width=\"131\" valign=\"top\">Claudia Sch\u00f6nfeld:<\/td>\n<td width=\"330\" valign=\"top\">Erbprinz Friedrich von Mecklenburg   und der F\u00fcrst von Liechtenstein<\/td>\n<td width=\"142\" valign=\"top\">Seite 91<\/td>\n<\/tr>\n<tr>\n<td width=\"131\" valign=\"top\">Matthias Manke:<\/td>\n<td width=\"330\" valign=\"top\">Der galante F\u00fcrst. Friedrich Franz   I. von Mecklenburg-Schwerin und die Frauen<\/td>\n<td width=\"142\" valign=\"top\">Seite 119<\/td>\n<\/tr>\n<tr>\n<td width=\"131\" valign=\"top\">Bernd Kasten:<\/td>\n<td width=\"330\" valign=\"top\">Der mecklenburgische Landtag   1866-1918<\/td>\n<td width=\"142\" valign=\"top\">Seite 191<\/td>\n<\/tr>\n<tr>\n<td width=\"131\" valign=\"top\">Michael Meyer:<\/td>\n<td width=\"330\" valign=\"top\">Innere Reichsgr\u00fcndung ? Die Kultur   des Sedantages und ihre Grenzen in Rostock und W\u00fcrzburg seit 1871<\/td>\n<td width=\"142\" valign=\"top\">Seite 255<\/td>\n<\/tr>\n<tr>\n<td colspan=\"2\" width=\"461\" valign=\"top\"><\/td>\n<td width=\"142\" valign=\"top\"><\/td>\n<\/tr>\n<tr>\n<td colspan=\"2\" width=\"461\" valign=\"top\"><strong>Dokumentation<\/strong><\/td>\n<td width=\"142\" valign=\"top\"><\/td>\n<\/tr>\n<tr>\n<td width=\"131\" valign=\"top\">Andreas R\u00f6pcke:<\/td>\n<td width=\"330\" valign=\"top\">Die Heilige Elisabeth in B\u00fctzow<\/td>\n<td width=\"142\" valign=\"top\">Seite 289<\/td>\n<\/tr>\n<tr>\n<td width=\"131\" valign=\"top\">Michael Buddrus:<\/td>\n<td width=\"330\" valign=\"top\">Prime Minister f\u00fcr 33 Tage.   Dokumentation  der Erinnerungen von Friedrich Stratmann an seine Amtszeit als    Mecklenburgischer Staatsminister im Mai\/Juni 1945<\/td>\n<td width=\"142\" valign=\"top\">Seite 295<\/td>\n<\/tr>\n<tr>\n<td width=\"131\" valign=\"top\">Wolfgang Rudloff:<\/td>\n<td width=\"330\" valign=\"top\">Die Errichtung der Fachhochschulen   in Mecklenburg-Vorpommern 1991. Ein Zeitzeugenbericht<\/td>\n<td width=\"142\" valign=\"top\">Seite 339<\/td>\n<\/tr>\n<tr>\n<td width=\"131\" valign=\"top\">Niklot Kl\u00fc\u00dfendorf:<\/td>\n<td width=\"330\" valign=\"top\">Nachruf auf Helge Bei der Wieden   (1934-2012)<\/td>\n<td width=\"142\" valign=\"top\">Seite 349<\/td>\n<\/tr>\n<tr>\n<td width=\"131\" valign=\"top\">Alla Dmytruk:<\/td>\n<td width=\"330\" valign=\"top\">Neuerscheinungen des Jahres 2011   zur mecklenburgischen Geschichte in Auswahl<\/td>\n<td width=\"142\" valign=\"top\">Seite 355<\/td>\n<\/tr>\n<tr>\n<td width=\"131\" valign=\"top\"><\/td>\n<td width=\"330\" valign=\"top\"><\/td>\n<td width=\"142\" valign=\"top\"><\/td>\n<\/tr>\n<tr>\n<td colspan=\"2\" width=\"461\" valign=\"top\"><strong>Vereinsnachrichten<\/strong><\/td>\n<td width=\"142\" valign=\"top\"><\/td>\n<\/tr>\n<tr>\n<td width=\"131\" valign=\"top\"><\/td>\n<td width=\"330\" valign=\"top\">T\u00e4tigkeitsbericht<\/td>\n<td width=\"142\" valign=\"top\">Seite 367<\/td>\n<\/tr>\n<tr>\n<td width=\"131\" valign=\"top\"><\/td>\n<td width=\"330\" valign=\"top\">Aus der Arbeit der Historischen   Kommission f\u00fcr Mecklenburg e. V.<\/td>\n<td width=\"142\" valign=\"top\">Seite 369<\/td>\n<\/tr>\n<\/tbody>\n<\/table>\n","protected":false},"excerpt":{"rendered":"<p>Inhaltsverzeichnis Jahrgang 127 (2012) Aufs\u00e4tze und Miszellen Klaus Kr\u00fcger: Kunst gegen den Tod. Die Schweriner Messinggrabplatten im europ\u00e4ischen Zusammenhang Seite 7 Tilmann Schmidt: Rostock in der Reichsacht und der Auszug &hellip; <a class=\"readmore\" href=\"https:\/\/www.geschichtsverein-mecklenburg.de\/?page_id=546\">Continue reading <span class=\"meta-nav\">&rarr;<\/span><\/a><\/p>\n","protected":false},"author":1,"featured_media":0,"parent":245,"menu_order":10,"comment_status":"open","ping_status":"open","template":"","meta":{"footnotes":""},"class_list":["post-546","page","type-page","status-publish","hentry"],"_links":{"self":[{"href":"https:\/\/www.geschichtsverein-mecklenburg.de\/index.php?rest_route=\/wp\/v2\/pages\/546"}],"collection":[{"href":"https:\/\/www.geschichtsverein-mecklenburg.de\/index.php?rest_route=\/wp\/v2\/pages"}],"about":[{"href":"https:\/\/www.geschichtsverein-mecklenburg.de\/index.php?rest_route=\/wp\/v2\/types\/page"}],"author":[{"embeddable":true,"href":"https:\/\/www.geschichtsverein-mecklenburg.de\/index.php?rest_route=\/wp\/v2\/users\/1"}],"replies":[{"embeddable":true,"href":"https:\/\/www.geschichtsverein-mecklenburg.de\/index.php?rest_route=%2Fwp%2Fv2%2Fcomments&post=546"}],"version-history":[{"count":4,"href":"https:\/\/www.geschichtsverein-mecklenburg.de\/index.php?rest_route=\/wp\/v2\/pages\/546\/revisions"}],"predecessor-version":[{"id":550,"href":"https:\/\/www.geschichtsverein-mecklenburg.de\/index.php?rest_route=\/wp\/v2\/pages\/546\/revisions\/550"}],"up":[{"embeddable":true,"href":"https:\/\/www.geschichtsverein-mecklenburg.de\/index.php?rest_route=\/wp\/v2\/pages\/245"}],"wp:attachment":[{"href":"https:\/\/www.geschichtsverein-mecklenburg.de\/index.php?rest_route=%2Fwp%2Fv2%2Fmedia&parent=546"}],"curies":[{"name":"wp","href":"https:\/\/api.w.org\/{rel}","templated":true}]}}