{"id":479,"date":"2012-12-10T10:26:32","date_gmt":"2012-12-10T10:26:32","guid":{"rendered":"http:\/\/www.geschichtsverein-mecklenburg.de\/?page_id=479"},"modified":"2012-12-10T10:27:47","modified_gmt":"2012-12-10T10:27:47","slug":"mecklenburgische-jahrbucher-126-2011","status":"publish","type":"page","link":"https:\/\/www.geschichtsverein-mecklenburg.de\/?page_id=479","title":{"rendered":"Mecklenburgische Jahrb\u00fccher 126 (2011)"},"content":{"rendered":"<h2>Inhaltsverzeichnis<\/h2>\n<h3>Jahrgang 126 (2011)<\/h3>\n<table border=\"0\" cellspacing=\"0\" cellpadding=\"0\" width=\"603\">\n<tbody>\n<tr>\n<td colspan=\"2\" width=\"508\" valign=\"top\"><strong>Aufs\u00e4tze und Miszellen<\/strong><\/td>\n<td width=\"95\" valign=\"top\"><strong> <\/strong><\/td>\n<\/tr>\n<tr>\n<td width=\"178\" valign=\"top\">Gregor Hestermann<\/td>\n<td width=\"330\" valign=\"top\">Gottfrieds Kloster. Die Beziehungen der  Familie von B\u00fclow zum Kloster Rehna im Spiegel ihrer Schenkungen und  Stiftungen im 13. Jahrhundert<\/td>\n<td width=\"95\" valign=\"top\">Seite 7<\/td>\n<\/tr>\n<tr>\n<td width=\"178\" valign=\"top\">Wolfgang Huschner<\/td>\n<td width=\"330\" valign=\"top\">Stifterstrategien zur Sicherung der Memoria  und des Seelenheils. Albrecht III. von Brandenburg, Heinrich II. von  Mecklenburg und die Kl\u00f6ster Himmelpfort und Wanzka<\/td>\n<td width=\"95\" valign=\"top\">Seite 23<\/td>\n<\/tr>\n<tr>\n<td width=\"178\" valign=\"top\">Manja Olschowski<\/td>\n<td width=\"330\" valign=\"top\">\u201eVMME ERER SELEN SALICHEIT WILLEN\u201c \u2013 Stiftungen f\u00fcr das Zisterzienserkloster Dargun als Spiegel der sozialen Vernetzung<\/td>\n<td width=\"95\" valign=\"top\">Seite 53<\/td>\n<\/tr>\n<tr>\n<td width=\"178\" valign=\"top\">Volker Honemann<\/td>\n<td width=\"330\" valign=\"top\">Die Ribnitzer Chroniken des Lambert Slaggert<\/td>\n<td width=\"95\" valign=\"top\">Seite 91<\/td>\n<\/tr>\n<tr>\n<td width=\"178\" valign=\"top\">J\u00fcrgen Hamel<\/td>\n<td width=\"330\" valign=\"top\">Johannes Moritz Poltz, die norddeutschen  Schreibkalender um 1700 und das Kalenderedikt des Herzogs von  Mecklenburg-G\u00fcstrow von 1682<\/td>\n<td width=\"95\" valign=\"top\">Seite 111<\/td>\n<\/tr>\n<tr>\n<td width=\"178\" valign=\"top\">Claudia Sch\u00f6nfeld<\/td>\n<td width=\"330\" valign=\"top\">Friedrich der Fromme und die K\u00fcnste<\/td>\n<td width=\"95\" valign=\"top\">Seite 153<\/td>\n<\/tr>\n<tr>\n<td width=\"178\" valign=\"top\">Matthias Manke<\/td>\n<td width=\"330\" valign=\"top\">Der turbulente F\u00fcrst. Friedrich Franz I. von Mecklenburg-Schwerin in der Wahrnehmung seiner Zeitgenossen<\/td>\n<td width=\"95\" valign=\"top\">Seite 191<\/td>\n<\/tr>\n<tr>\n<td width=\"178\" valign=\"top\">Bernd Kasten<\/td>\n<td width=\"330\" valign=\"top\">Geschichten aus dem M\u00e4rchenschloss \u2013 Lily Brauns Bericht \u00fcber ihren Aufenthalt in Schwerin 1883-1885<\/td>\n<td width=\"95\" valign=\"top\">Seite 253<\/td>\n<\/tr>\n<tr>\n<td width=\"178\" valign=\"top\">Andreas R\u00f6pcke<\/td>\n<td width=\"330\" valign=\"top\">Plagiat bei der Doktorarbeit: Der Fall Wilhelm Dabis<\/td>\n<td width=\"95\" valign=\"top\">Seite 263<\/td>\n<\/tr>\n<tr>\n<td width=\"178\" valign=\"top\">Jette Anders<\/td>\n<td width=\"330\" valign=\"top\">Die vergessene Kustodin. Amalie Buchheim \u2013 ein Leben im Dienste der Schweriner Altert\u00fcmersammlungen<\/td>\n<td width=\"95\" valign=\"top\">Seite 269<\/td>\n<\/tr>\n<tr>\n<td width=\"178\" valign=\"top\">Susanne Fiedler und Torsten Knuth<\/td>\n<td width=\"330\" valign=\"top\">Vexierbilder einer Biographie: Dr. Heinz Mansfeld (1899-1959)<\/td>\n<td width=\"95\" valign=\"top\">Seite 285<\/td>\n<\/tr>\n<tr>\n<td width=\"178\" valign=\"top\">Antje Koolman<\/td>\n<td width=\"330\" valign=\"top\">Das \u201eWho is who\u201c des Geschichtsvereins \u2013 die Matrikelb\u00fccher<\/td>\n<td width=\"95\" valign=\"top\">Seite 325<\/td>\n<\/tr>\n<tr>\n<td width=\"178\" valign=\"top\">Ernst M\u00fcnch<\/td>\n<td width=\"330\" valign=\"top\">Ein Vierteljahrhundert Landesgeschichtsforschung &#8211; die Mecklenburgischen Jahrb\u00fccher 1985-2010<\/td>\n<td width=\"95\" valign=\"top\">Seite 341<\/td>\n<\/tr>\n<tr>\n<td colspan=\"2\" width=\"508\" valign=\"top\"><strong> <\/strong><\/td>\n<td width=\"95\" valign=\"top\"><strong> <\/strong><\/td>\n<\/tr>\n<tr>\n<td colspan=\"2\" width=\"508\" valign=\"top\"><strong>Dokumentation<\/strong><\/td>\n<td width=\"95\" valign=\"top\"><strong> <\/strong><\/td>\n<\/tr>\n<tr>\n<td width=\"178\" valign=\"top\">Klaus-Joachim Lorenzen-Schmidt und Andreas R\u00f6pcke<\/td>\n<td width=\"330\" valign=\"top\">Diebstahl von sieben Kelchen im Schweriner Dom und ein rehabilitierter K\u00fcster (vor 1523) Ein archivalisches Fundst\u00fcck<\/td>\n<td width=\"95\" valign=\"top\">Seite 363<\/td>\n<\/tr>\n<tr>\n<td width=\"178\" valign=\"top\">Alla Dmytruk<\/td>\n<td width=\"330\" valign=\"top\">Neuerscheinungen des Jahres 2010 zur mecklenburgischen Geschichte in Auswahl<\/td>\n<td width=\"95\" valign=\"top\">Seite 369<\/td>\n<\/tr>\n<tr>\n<td width=\"178\" valign=\"top\"><strong> <\/strong><\/td>\n<td width=\"330\" valign=\"top\"><strong> <\/strong><\/td>\n<td width=\"95\" valign=\"top\"><strong> <\/strong><\/td>\n<\/tr>\n<tr>\n<td colspan=\"2\" width=\"508\" valign=\"top\"><strong>Vereinsnachrichten<\/strong><\/td>\n<td width=\"95\" valign=\"top\"><strong> <\/strong><\/td>\n<\/tr>\n<tr>\n<td width=\"178\" valign=\"top\"><\/td>\n<td width=\"330\" valign=\"top\">T\u00e4tigkeitsbericht des Vereins f\u00fcr mecklenburgische Geschichte und Altertumskunde e.V. f\u00fcr das Jahr 2010<\/td>\n<td width=\"95\" valign=\"top\">Seite 379<\/td>\n<\/tr>\n<tr>\n<td width=\"178\" valign=\"top\"><\/td>\n<td width=\"330\" valign=\"top\">Staatsarchivdirektor Dr. Werner Strecker (\u2020 1961) in memoriam<\/td>\n<td width=\"95\" valign=\"top\">Seite 382<\/td>\n<\/tr>\n<tr>\n<td width=\"178\" valign=\"top\"><\/td>\n<td width=\"330\" valign=\"top\">Aus der Arbeit der Historischen Kommission f\u00fcr Mecklenburg e.V.<\/td>\n<td width=\"95\" valign=\"top\">Seite 387<\/td>\n<\/tr>\n<\/tbody>\n<\/table>\n","protected":false},"excerpt":{"rendered":"<p>Inhaltsverzeichnis Jahrgang 126 (2011) Aufs\u00e4tze und Miszellen Gregor Hestermann Gottfrieds Kloster. Die Beziehungen der Familie von B\u00fclow zum Kloster Rehna im Spiegel ihrer Schenkungen und Stiftungen im 13. Jahrhundert Seite &hellip; <a class=\"readmore\" href=\"https:\/\/www.geschichtsverein-mecklenburg.de\/?page_id=479\">Continue reading <span class=\"meta-nav\">&rarr;<\/span><\/a><\/p>\n","protected":false},"author":1,"featured_media":0,"parent":245,"menu_order":9,"comment_status":"open","ping_status":"open","template":"","meta":{"footnotes":""},"class_list":["post-479","page","type-page","status-publish","hentry"],"_links":{"self":[{"href":"https:\/\/www.geschichtsverein-mecklenburg.de\/index.php?rest_route=\/wp\/v2\/pages\/479"}],"collection":[{"href":"https:\/\/www.geschichtsverein-mecklenburg.de\/index.php?rest_route=\/wp\/v2\/pages"}],"about":[{"href":"https:\/\/www.geschichtsverein-mecklenburg.de\/index.php?rest_route=\/wp\/v2\/types\/page"}],"author":[{"embeddable":true,"href":"https:\/\/www.geschichtsverein-mecklenburg.de\/index.php?rest_route=\/wp\/v2\/users\/1"}],"replies":[{"embeddable":true,"href":"https:\/\/www.geschichtsverein-mecklenburg.de\/index.php?rest_route=%2Fwp%2Fv2%2Fcomments&post=479"}],"version-history":[{"count":4,"href":"https:\/\/www.geschichtsverein-mecklenburg.de\/index.php?rest_route=\/wp\/v2\/pages\/479\/revisions"}],"predecessor-version":[{"id":483,"href":"https:\/\/www.geschichtsverein-mecklenburg.de\/index.php?rest_route=\/wp\/v2\/pages\/479\/revisions\/483"}],"up":[{"embeddable":true,"href":"https:\/\/www.geschichtsverein-mecklenburg.de\/index.php?rest_route=\/wp\/v2\/pages\/245"}],"wp:attachment":[{"href":"https:\/\/www.geschichtsverein-mecklenburg.de\/index.php?rest_route=%2Fwp%2Fv2%2Fmedia&parent=479"}],"curies":[{"name":"wp","href":"https:\/\/api.w.org\/{rel}","templated":true}]}}