{"id":361,"date":"2012-03-28T16:44:55","date_gmt":"2012-03-28T16:44:55","guid":{"rendered":"http:\/\/test.heimatkunde-mv.de\/?page_id=361"},"modified":"2012-04-04T09:36:29","modified_gmt":"2012-04-04T09:36:29","slug":"mecklenburgische-jahrbucher-2010","status":"publish","type":"page","link":"https:\/\/www.geschichtsverein-mecklenburg.de\/?page_id=361","title":{"rendered":"Mecklenburgische Jahrb\u00fccher 125 (2010)"},"content":{"rendered":"<h2>Inhaltsverzeichnis<\/h2>\n<h3>Jahrgang 125 (2010)<\/h3>\n<table border=\"1\" cellspacing=\"0\" cellpadding=\"0\" width=\"650\">\n<tbody>\n<tr>\n<td width=\"196\" valign=\"top\">\u00a0<\/td>\n<td width=\"350\" valign=\"top\">Vorwort des Herausgebers<\/td>\n<td width=\"104\" valign=\"top\">Seite 5<\/td>\n<\/tr>\n<tr>\n<td width=\"196\" valign=\"top\">Fred Ruchh\u00f6ft und Torsten Dressler<\/td>\n<td width=\"350\" valign=\"top\">Stadtgr\u00fcndung und Stadtarch\u00e4ologie: 200 Jahre Geschichte auf dem wechselvollen Weg zur Stadt Schwerin<\/td>\n<td width=\"104\" valign=\"top\">Seite 9<\/td>\n<\/tr>\n<tr>\n<td width=\"196\" valign=\"top\">Stefan Petersen<\/td>\n<td width=\"350\" valign=\"top\">Die mittelalterlichen Kirchenpatrozinien im Bistum Ratzeburg<\/td>\n<td width=\"104\" valign=\"top\">Seite 47<\/td>\n<\/tr>\n<tr>\n<td width=\"196\" valign=\"top\">Tilmann Schmidt<\/td>\n<td width=\"350\" valign=\"top\">Die Supplik f\u00fcr die p\u00e4pstliche Gr\u00fcndungsurkunde der Universit\u00e4t in Rostock<\/td>\n<td width=\"104\" valign=\"top\">Seite 115<\/td>\n<\/tr>\n<tr>\n<td width=\"196\" valign=\"top\">Tobias Pietsch<\/td>\n<td width=\"350\" valign=\"top\">Die Moltkes im Sp\u00e4tmittelalter<\/td>\n<td width=\"104\" valign=\"top\">Seite 141<\/td>\n<\/tr>\n<tr>\n<td width=\"196\" valign=\"top\">Ernst M\u00fcnch<\/td>\n<td width=\"350\" valign=\"top\">Die alten Rostocker Universit\u00e4tsgeb\u00e4ude im Lichte der st\u00e4dtischen Quellen<\/td>\n<td width=\"104\" valign=\"top\">Seite 175<\/td>\n<\/tr>\n<tr>\n<td width=\"196\" valign=\"top\">Max Reinhard Jaehn und Paul Martin Romberg<\/td>\n<td width=\"350\" valign=\"top\">Malchin 1779: Justus Hellberg und das barocke Orgelgeh\u00e4use<\/td>\n<td width=\"104\" valign=\"top\">Seite 199<\/td>\n<\/tr>\n<tr>\n<td width=\"196\" valign=\"top\">Hans-Heinz Sch\u00fctt<\/td>\n<td width=\"350\" valign=\"top\">Friedrich Lisch \u2013 Initiator und Seele des Vereins f\u00fcr mecklenburgische Geschichte und Altertumskunde<\/td>\n<td width=\"104\" valign=\"top\">Seite 209<\/td>\n<\/tr>\n<tr>\n<td width=\"196\" valign=\"top\">Ren\u00e9 Wiese<\/td>\n<td width=\"350\" valign=\"top\">Herzog Wilhelm zu Mecklenburg (1827-1879) \u2013 Kavalleriegeneral, Bankrotteur und Weltreisender wider Willen<\/td>\n<td width=\"104\" valign=\"top\">Seite 225<\/td>\n<\/tr>\n<tr>\n<td width=\"196\" valign=\"top\">Bernd Kasten<\/td>\n<td width=\"350\" valign=\"top\">Der Einzug der mecklenburgischen Truppen in Schwerin am 14. Juni 1871 in Bild und Wirklichkeit<\/td>\n<td width=\"104\" valign=\"top\">Seite 251<\/td>\n<\/tr>\n<tr>\n<td width=\"196\" valign=\"top\">Heiko Kreft<\/td>\n<td width=\"350\" valign=\"top\">Offak-Story \u2013 der Traum von Hollywood in der Provinz. Zur Geschichte der staatlichen Obotrit-Filmfabrik in Mecklenburg-Schwerin 1920-1923<\/td>\n<td width=\"104\" valign=\"top\">Seite 267<\/td>\n<\/tr>\n<tr>\n<td width=\"196\" valign=\"top\">Volker Jennerjahn unter Mitarbeit von Andreas R\u00f6pcke<\/td>\n<td width=\"350\" valign=\"top\">Gruppenbild mit Kanone<\/td>\n<td width=\"104\" valign=\"top\">Seite 297<\/td>\n<\/tr>\n<tr>\n<td width=\"196\" valign=\"top\">Bernd Kasten<\/td>\n<td width=\"350\" valign=\"top\">Mecklenburg in Karikaturen im \u201eWahren Jacob\u201c 1900-1914<\/td>\n<td width=\"104\" valign=\"top\">Seite 299<\/td>\n<\/tr>\n<tr>\n<td width=\"196\" valign=\"top\">Brigitta Steinbruch<\/td>\n<td width=\"350\" valign=\"top\">Die Nachl\u00e4sse der Sekret\u00e4re des Geschichtsvereins im Landeshauptarchiv Schwerin<\/td>\n<td width=\"104\" valign=\"top\">Seite 311<\/td>\n<\/tr>\n<tr>\n<td width=\"196\" valign=\"top\">Georg Diederich<\/td>\n<td width=\"350\" valign=\"top\">Der Streit um die Landeshauptstadt 1990. Ein Zeitzeugenbericht<\/td>\n<td width=\"104\" valign=\"top\">Seite 321<\/td>\n<\/tr>\n<tr>\n<td width=\"196\" valign=\"top\">Alla Dmytruk<\/td>\n<td width=\"350\" valign=\"top\">Neuerscheinungen des Jahres 2009 zur mecklenburgischen Geschichte in Auswahl<\/td>\n<td width=\"104\" valign=\"top\">Seite 337<\/td>\n<\/tr>\n<tr>\n<td width=\"196\" valign=\"top\">\u00a0<\/td>\n<td width=\"350\" valign=\"top\">T\u00e4tigkeitsbericht des Vereins f\u00fcr mecklenburgische Geschichte und Altertumskunde e. V. f\u00fcr das Jahr 2009<\/td>\n<td width=\"104\" valign=\"top\">Seite 349<\/td>\n<\/tr>\n<tr>\n<td width=\"196\" valign=\"top\">\u00a0<\/td>\n<td width=\"350\" valign=\"top\">Mitgliederverzeichnis<\/td>\n<td width=\"104\" valign=\"top\">Seite 352<\/td>\n<\/tr>\n<tr>\n<td width=\"196\" valign=\"top\">\u00a0<\/td>\n<td width=\"350\" valign=\"top\">Aus der Arbeit der Historischen Kommission f\u00fcr Mecklenburg e. V.<\/td>\n<td width=\"104\" valign=\"top\">Seite 357<\/td>\n<\/tr>\n<\/tbody>\n<\/table>\n","protected":false},"excerpt":{"rendered":"<p>Inhaltsverzeichnis Jahrgang 125 (2010) \u00a0 Vorwort des Herausgebers Seite 5 Fred Ruchh\u00f6ft und Torsten Dressler Stadtgr\u00fcndung und Stadtarch\u00e4ologie: 200 Jahre Geschichte auf dem wechselvollen Weg zur Stadt Schwerin Seite 9 &hellip; <a class=\"readmore\" href=\"https:\/\/www.geschichtsverein-mecklenburg.de\/?page_id=361\">Continue reading <span class=\"meta-nav\">&rarr;<\/span><\/a><\/p>\n","protected":false},"author":1,"featured_media":0,"parent":245,"menu_order":8,"comment_status":"open","ping_status":"open","template":"","meta":{"footnotes":""},"class_list":["post-361","page","type-page","status-publish","hentry"],"_links":{"self":[{"href":"https:\/\/www.geschichtsverein-mecklenburg.de\/index.php?rest_route=\/wp\/v2\/pages\/361"}],"collection":[{"href":"https:\/\/www.geschichtsverein-mecklenburg.de\/index.php?rest_route=\/wp\/v2\/pages"}],"about":[{"href":"https:\/\/www.geschichtsverein-mecklenburg.de\/index.php?rest_route=\/wp\/v2\/types\/page"}],"author":[{"embeddable":true,"href":"https:\/\/www.geschichtsverein-mecklenburg.de\/index.php?rest_route=\/wp\/v2\/users\/1"}],"replies":[{"embeddable":true,"href":"https:\/\/www.geschichtsverein-mecklenburg.de\/index.php?rest_route=%2Fwp%2Fv2%2Fcomments&post=361"}],"version-history":[{"count":4,"href":"https:\/\/www.geschichtsverein-mecklenburg.de\/index.php?rest_route=\/wp\/v2\/pages\/361\/revisions"}],"predecessor-version":[{"id":420,"href":"https:\/\/www.geschichtsverein-mecklenburg.de\/index.php?rest_route=\/wp\/v2\/pages\/361\/revisions\/420"}],"up":[{"embeddable":true,"href":"https:\/\/www.geschichtsverein-mecklenburg.de\/index.php?rest_route=\/wp\/v2\/pages\/245"}],"wp:attachment":[{"href":"https:\/\/www.geschichtsverein-mecklenburg.de\/index.php?rest_route=%2Fwp%2Fv2%2Fmedia&parent=361"}],"curies":[{"name":"wp","href":"https:\/\/api.w.org\/{rel}","templated":true}]}}