{"id":348,"date":"2012-03-28T16:40:40","date_gmt":"2012-03-28T16:40:40","guid":{"rendered":"http:\/\/test.heimatkunde-mv.de\/?page_id=348"},"modified":"2012-04-04T09:25:12","modified_gmt":"2012-04-04T09:25:12","slug":"mecklenburgische-jahrbucher-2004","status":"publish","type":"page","link":"https:\/\/www.geschichtsverein-mecklenburg.de\/?page_id=348","title":{"rendered":"Mecklenburgische Jahrb\u00fccher 119 (2004)"},"content":{"rendered":"<h2>Inhaltsverzeichnis<\/h2>\n<h3>Jahrgang 119 (2004)<\/h3>\n<table border=\"0\">\n<tbody>\n<tr>\n<td valign=\"top\">Oliver Auge<\/td>\n<td valign=\"top\">F\u00fcrst an der Zeitenwende. Herzog Magnus II. von Mecklenburg (1441-1503)<\/td>\n<td width=\"70\" valign=\"top\">Seite 7<\/td>\n<\/tr>\n<tr>\n<td valign=\"top\">Andreas R\u00f6pcke<\/td>\n<td valign=\"top\">Wohlhabend und wohlt\u00e4tig. Der Schweriner Bischof Conrad Loste<\/td>\n<td width=\"70\" valign=\"top\">Seite 41<\/td>\n<\/tr>\n<tr>\n<td valign=\"top\">Kristina Hegner<\/td>\n<td valign=\"top\">Die Altarstiftungen des Bischofs. Conrad Loste und ein r\u00e4tselhaftes Bildwerk im Staatlichen Museum Schwerin<\/td>\n<td width=\"70\" valign=\"top\">Seite 63<\/td>\n<\/tr>\n<tr>\n<td valign=\"top\">Ernst M\u00fcnch<\/td>\n<td valign=\"top\">1506 &#8211; erste Bestandsaufnahme der mecklenburgischen Ritterschaft<\/td>\n<td width=\"70\" valign=\"top\">Seite 87<\/td>\n<\/tr>\n<tr>\n<td valign=\"top\">Ralf-Gunnar Werlich<\/td>\n<td valign=\"top\">Ein koloriertes Wappen der Herz\u00f6ge von Mecklenburg um 1553. Bemerkungen zum Umfeld des zugrunde liegenden Cranach-Holzschnittes von 1552 und zur Entwicklungsgeschichte des f\u00fcnffeldigen mecklenburgischen Herzogswappens bis zur Mitte des 16. Jahrhunderts<\/td>\n<td width=\"70\" valign=\"top\">Seite 105<\/td>\n<\/tr>\n<tr>\n<td valign=\"top\">Nicole Reinhardt<\/td>\n<td valign=\"top\">Von Amazonen und Landesm\u00fcttern. Isabelle-Ang\u00e9lique Duchesse de Ch\u00e2tillon und Christian Louis Herzog von Mecklenburg: Ein deutsch-franz\u00f6sisches Missverst\u00e4ndnis?<\/td>\n<td width=\"70\" valign=\"top\">Seite 161<\/td>\n<\/tr>\n<tr>\n<td valign=\"top\">Wolf Karge<\/td>\n<td valign=\"top\">Die Steine am Strand von Heiligendamm. Begehrtes Sammelobjekt und kriegswichtiger Rohstoff<\/td>\n<td width=\"70\" valign=\"top\">Seite 183<\/td>\n<\/tr>\n<tr>\n<td valign=\"top\">Hartwig Bull<\/td>\n<td valign=\"top\">Die Poststra\u00dfe von Grabow nach Boizenburg \/ Elbe. Der erste Chausseebau in Mecklenburg<\/td>\n<td width=\"70\" valign=\"top\">Seite 193<\/td>\n<\/tr>\n<tr>\n<td valign=\"top\">Matthias Manke<\/td>\n<td valign=\"top\">Der Obotritenritter (1849). Gr\u00fcndlich neue Betrachtung einer alten Karikatur<\/td>\n<td width=\"70\" valign=\"top\">Seite 227<\/td>\n<\/tr>\n<tr>\n<td valign=\"top\">Klaus L\u00fcders<\/td>\n<td valign=\"top\">Ludwig Reinhard und Amerika. Zur historischen Dimension eines demokratischen Bewusstseins<\/td>\n<td width=\"70\" valign=\"top\">Seite 239<\/td>\n<\/tr>\n<tr>\n<td valign=\"top\">Elsbeth Andre<\/td>\n<td valign=\"top\">Gro\u00dfherzog Friedrich Franz III. und Baumeister Georg Daniel<\/td>\n<td width=\"70\" valign=\"top\">Seite 263<\/td>\n<\/tr>\n<tr>\n<td valign=\"top\">Bernd-Ulrich Hergem\u00f6ller<\/td>\n<td valign=\"top\">\u00dcber die letzten Vorg\u00e4nge beim Ableben seiner K\u00f6niglichen Hoheit, Gro\u00dfherzog Friedrich Franz&#8216; III. von Mecklenburg-Schwerin, im Jahre 1897<\/td>\n<td width=\"70\" valign=\"top\">Seite 279<\/td>\n<\/tr>\n<\/tbody>\n<\/table>\n","protected":false},"excerpt":{"rendered":"<p>Inhaltsverzeichnis Jahrgang 119 (2004) Oliver Auge F\u00fcrst an der Zeitenwende. Herzog Magnus II. von Mecklenburg (1441-1503) Seite 7 Andreas R\u00f6pcke Wohlhabend und wohlt\u00e4tig. Der Schweriner Bischof Conrad Loste Seite 41 &hellip; <a class=\"readmore\" href=\"https:\/\/www.geschichtsverein-mecklenburg.de\/?page_id=348\">Continue reading <span class=\"meta-nav\">&rarr;<\/span><\/a><\/p>\n","protected":false},"author":1,"featured_media":0,"parent":245,"menu_order":2,"comment_status":"open","ping_status":"open","template":"","meta":{"footnotes":""},"class_list":["post-348","page","type-page","status-publish","hentry"],"_links":{"self":[{"href":"https:\/\/www.geschichtsverein-mecklenburg.de\/index.php?rest_route=\/wp\/v2\/pages\/348"}],"collection":[{"href":"https:\/\/www.geschichtsverein-mecklenburg.de\/index.php?rest_route=\/wp\/v2\/pages"}],"about":[{"href":"https:\/\/www.geschichtsverein-mecklenburg.de\/index.php?rest_route=\/wp\/v2\/types\/page"}],"author":[{"embeddable":true,"href":"https:\/\/www.geschichtsverein-mecklenburg.de\/index.php?rest_route=\/wp\/v2\/users\/1"}],"replies":[{"embeddable":true,"href":"https:\/\/www.geschichtsverein-mecklenburg.de\/index.php?rest_route=%2Fwp%2Fv2%2Fcomments&post=348"}],"version-history":[{"count":4,"href":"https:\/\/www.geschichtsverein-mecklenburg.de\/index.php?rest_route=\/wp\/v2\/pages\/348\/revisions"}],"predecessor-version":[{"id":1075,"href":"https:\/\/www.geschichtsverein-mecklenburg.de\/index.php?rest_route=\/wp\/v2\/pages\/348\/revisions\/1075"}],"up":[{"embeddable":true,"href":"https:\/\/www.geschichtsverein-mecklenburg.de\/index.php?rest_route=\/wp\/v2\/pages\/245"}],"wp:attachment":[{"href":"https:\/\/www.geschichtsverein-mecklenburg.de\/index.php?rest_route=%2Fwp%2Fv2%2Fmedia&parent=348"}],"curies":[{"name":"wp","href":"https:\/\/api.w.org\/{rel}","templated":true}]}}