{"id":343,"date":"2012-03-28T16:38:09","date_gmt":"2012-03-28T16:38:09","guid":{"rendered":"http:\/\/test.heimatkunde-mv.de\/?page_id=343"},"modified":"2012-04-04T09:21:34","modified_gmt":"2012-04-04T09:21:34","slug":"mecklenburgische-jahrbucher-2003","status":"publish","type":"page","link":"https:\/\/www.geschichtsverein-mecklenburg.de\/?page_id=343","title":{"rendered":"Mecklenburgische Jahrb\u00fccher 118 (2003)"},"content":{"rendered":"<h2>Inhaltsverzeichnis<\/h2>\n<h3>Jahrgang 118 (2003)<\/h3>\n<table border=\"0\">\n<tbody>\n<tr>\n<td valign=\"top\">Fred Ruchh\u00f6ft<\/td>\n<td valign=\"top\">Die mecklenburgische Getreidema\u00dfe<\/td>\n<td width=\"70\" valign=\"top\">Seite 7<\/td>\n<\/tr>\n<tr>\n<td valign=\"top\">Frank G\u00f6se<\/td>\n<td valign=\"top\">Der Blick \u00fcber die Grenzen: Die brandenburgische und mecklenburgische Adelsgesellschaft in der Fr\u00fchen Neuzeit<\/td>\n<td width=\"70\" valign=\"top\">Seite 27<\/td>\n<\/tr>\n<tr>\n<td valign=\"top\">Dirk Alvermann<\/td>\n<td valign=\"top\">Patronus Musarum. Adolf Friedrich IV. von Mecklenburg-Strelitz in Greifswald<\/td>\n<td width=\"70\" valign=\"top\">Seite 51<\/td>\n<\/tr>\n<tr>\n<td valign=\"top\">Niklot Kl\u00fc\u00dfendorf<\/td>\n<td valign=\"top\">Der Talerfund von Karft (Kr. Ludwigslust). Ein Rechtsfall von 1765 als Quelle zur Sozialgeschichte<\/td>\n<td width=\"70\" valign=\"top\">Seite 71<\/td>\n<\/tr>\n<tr>\n<td valign=\"top\">Antje Pautzke<\/td>\n<td valign=\"top\">J. P. Schmidt (1708-1790) und seine B\u00fcchersammlung. Ein Kleinod zur mecklenburgischen Geschichte<\/td>\n<td width=\"70\" valign=\"top\">Seite 95<\/td>\n<\/tr>\n<tr>\n<td valign=\"top\">Klaus L\u00fcders<\/td>\n<td valign=\"top\">&#8222;Freigeist und Demokrat!&#8220;. Johann Heinrich Voss und die Freiheitsideale seiner Zeit<\/td>\n<td width=\"70\" valign=\"top\">Seite 121<\/td>\n<\/tr>\n<tr>\n<td valign=\"top\">Wolfgang Schmidtbauer<\/td>\n<td valign=\"top\">Johann Friedrich Christoph Meyer: L\u00fctzower J\u00e4ger, Ludwigsluster Rektor, Mecklenburgischer Schulrat. Ein Lebensbild<\/td>\n<td width=\"70\" valign=\"top\">Seite 147<\/td>\n<\/tr>\n<tr>\n<td valign=\"top\">Markus K\u00f6hler et al.<\/td>\n<td valign=\"top\">Bauten in Mecklenburg im Spiegel unbekannter Architektur- und Gartengraphik<\/td>\n<td width=\"70\" valign=\"top\">Seite 167<\/td>\n<\/tr>\n<tr>\n<td valign=\"top\">Ren\u00e9 Wiese<\/td>\n<td valign=\"top\">Die H\u00e4usleransiedlung in Mecklenburg<\/td>\n<td width=\"70\" valign=\"top\">Seite 195<\/td>\n<\/tr>\n<tr>\n<td valign=\"top\">Ilona Buchsteiner<\/td>\n<td valign=\"top\">Die Familie von Oertzen im 19. Jahrhundert<\/td>\n<td width=\"70\" valign=\"top\">Seite 237<\/td>\n<\/tr>\n<tr>\n<td valign=\"top\">Eckart Conze<\/td>\n<td valign=\"top\">Niedergang und Obenbleiben. Deutsche und mecklenburgische Adelsgeschichte im 20. Jahrhundert am Beispiel der Grafen von Bernstorff<\/td>\n<td width=\"70\" valign=\"top\">Seite 255<\/td>\n<\/tr>\n<tr>\n<td valign=\"top\">Mario Niemann<\/td>\n<td valign=\"top\">&#8222;Das gl\u00fchende Interesse f\u00fcr Politik&#8220;.<br \/>\nDie Grafen von der Schulenburg-Tressow zwischen Kaiserreich und Nationalsozialismus (1900-1945)<\/td>\n<td width=\"70\" valign=\"top\">Seite 271<\/td>\n<\/tr>\n<tr>\n<td valign=\"top\">Bernd Kasten<\/td>\n<td valign=\"top\">Viel Dunkel, wenig Licht. Die Beerdigung Wilhelm Gustloffs in Schwerin 1936<\/td>\n<td width=\"70\" valign=\"top\">Seite 313<\/td>\n<\/tr>\n<tr>\n<td valign=\"top\">Johannes Gothe (Hg.)<\/td>\n<td valign=\"top\">Nach Hebron und Engedi (von Karl Schmaltz)<\/td>\n<td width=\"70\" valign=\"top\">Seite 327<\/td>\n<\/tr>\n<tr>\n<td valign=\"top\">Volker Jennerjahn<\/td>\n<td valign=\"top\">Aufbruch aus ideologischer Bevormundung. Fotografische Dokumente aus Schwerin (23. Oktober 1989)<\/td>\n<td width=\"70\" valign=\"top\">Seite 339<\/td>\n<\/tr>\n<\/tbody>\n<\/table>\n","protected":false},"excerpt":{"rendered":"<p>Inhaltsverzeichnis Jahrgang 118 (2003) Fred Ruchh\u00f6ft Die mecklenburgische Getreidema\u00dfe Seite 7 Frank G\u00f6se Der Blick \u00fcber die Grenzen: Die brandenburgische und mecklenburgische Adelsgesellschaft in der Fr\u00fchen Neuzeit Seite 27 Dirk &hellip; <a class=\"readmore\" href=\"https:\/\/www.geschichtsverein-mecklenburg.de\/?page_id=343\">Continue reading <span class=\"meta-nav\">&rarr;<\/span><\/a><\/p>\n","protected":false},"author":1,"featured_media":0,"parent":245,"menu_order":1,"comment_status":"open","ping_status":"open","template":"","meta":{"footnotes":""},"class_list":["post-343","page","type-page","status-publish","hentry"],"_links":{"self":[{"href":"https:\/\/www.geschichtsverein-mecklenburg.de\/index.php?rest_route=\/wp\/v2\/pages\/343"}],"collection":[{"href":"https:\/\/www.geschichtsverein-mecklenburg.de\/index.php?rest_route=\/wp\/v2\/pages"}],"about":[{"href":"https:\/\/www.geschichtsverein-mecklenburg.de\/index.php?rest_route=\/wp\/v2\/types\/page"}],"author":[{"embeddable":true,"href":"https:\/\/www.geschichtsverein-mecklenburg.de\/index.php?rest_route=\/wp\/v2\/users\/1"}],"replies":[{"embeddable":true,"href":"https:\/\/www.geschichtsverein-mecklenburg.de\/index.php?rest_route=%2Fwp%2Fv2%2Fcomments&post=343"}],"version-history":[{"count":5,"href":"https:\/\/www.geschichtsverein-mecklenburg.de\/index.php?rest_route=\/wp\/v2\/pages\/343\/revisions"}],"predecessor-version":[{"id":409,"href":"https:\/\/www.geschichtsverein-mecklenburg.de\/index.php?rest_route=\/wp\/v2\/pages\/343\/revisions\/409"}],"up":[{"embeddable":true,"href":"https:\/\/www.geschichtsverein-mecklenburg.de\/index.php?rest_route=\/wp\/v2\/pages\/245"}],"wp:attachment":[{"href":"https:\/\/www.geschichtsverein-mecklenburg.de\/index.php?rest_route=%2Fwp%2Fv2%2Fmedia&parent=343"}],"curies":[{"name":"wp","href":"https:\/\/api.w.org\/{rel}","templated":true}]}}