{"id":278,"date":"2012-03-15T15:02:01","date_gmt":"2012-03-15T15:02:01","guid":{"rendered":"http:\/\/test.heimatkunde-mv.de\/?page_id=278"},"modified":"2012-10-05T07:46:18","modified_gmt":"2012-10-05T07:46:18","slug":"mecklenburgische-jahrbucher-2001","status":"publish","type":"page","link":"https:\/\/www.geschichtsverein-mecklenburg.de\/?page_id=278","title":{"rendered":"Mecklenburgische Jahrb\u00fccher 116 (2001)"},"content":{"rendered":"<h2>Inhaltsverzeichnis<\/h2>\n<h3>Jahrgang 116 (2001)<\/h3>\n<table border=\"0\">\n<tbody>\n<tr>\n<td valign=\"top\">Fred Ruchh\u00f6ft<\/td>\n<td valign=\"top\">Siedlungsgeschichtliche Komponenten zur Gr\u00fcndung der Stadt G\u00fcstrow<\/td>\n<td width=\"70\" valign=\"top\">Seite 9<\/td>\n<\/tr>\n<tr>\n<td valign=\"top\">Herbert Eisenstein<\/td>\n<td valign=\"top\">\u00c4ygpten zur Zeit der Gefangenschaft F\u00fcrst Heinrichs I. (1272-1297)<\/td>\n<td width=\"70\" valign=\"top\">Seite 33<\/td>\n<\/tr>\n<tr>\n<td valign=\"top\">Thomas Elsmann<\/td>\n<td valign=\"top\">Germanen, Antike und Amazonen. Nikolaus Marschalk und seine Verarbeitung antiker Quellen und mythen<\/td>\n<td width=\"70\" valign=\"top\">Seite 57<\/td>\n<\/tr>\n<tr>\n<td valign=\"top\">Ernst M\u00fcnch<\/td>\n<td valign=\"top\">Inhaltliche Komponenten der Ulenogeschen F\u00e4lschungen zugunsten der Moltkes auf Toitenwinkel<\/td>\n<td width=\"70\" valign=\"top\">Seite 77<\/td>\n<\/tr>\n<tr>\n<td valign=\"top\">Sabine Pettke<\/td>\n<td valign=\"top\">Probleme der Rostocker Mensa um 1600<\/td>\n<td width=\"70\" valign=\"top\">Seite 105<\/td>\n<\/tr>\n<tr>\n<td valign=\"top\">Uwe Jens Wandel<\/td>\n<td valign=\"top\">Johanna Prinzessin von Sachsen-Gotha-Altenburg. Die erste Herzogin von Mecklenburg-Strelitz<\/td>\n<td width=\"70\" valign=\"top\">Seite 117<\/td>\n<\/tr>\n<tr>\n<td valign=\"top\">Niklot Kl\u00fc\u00dfendorf<\/td>\n<td valign=\"top\">Die Schatzhebung im Armenhaus St. J\u00fcrgen zu Neubukow im Jahre 1770<\/td>\n<td width=\"70\" valign=\"top\">Seite 129<\/td>\n<\/tr>\n<tr>\n<td valign=\"top\">Hartwig Bull<\/td>\n<td valign=\"top\">Joachim Dethloff Friedrich Runig. Vom Tagel\u00f6hner zum Chausseebauunternehmer<\/td>\n<td width=\"70\" valign=\"top\">Seite 155<\/td>\n<\/tr>\n<tr>\n<td valign=\"top\">Klaus L\u00fcders<\/td>\n<td valign=\"top\">Ludwig Reinhard und das &#8222;Reform-Blatt f\u00fcr beide Mecklenburg&#8220; (1850\/51).<br \/>\nZur Geschichte eines freiheitlichen Journalismus in Rostock<\/td>\n<td width=\"70\" valign=\"top\">Seite 175<\/td>\n<\/tr>\n<tr>\n<td valign=\"top\">Gerhard Rosenberger<\/td>\n<td valign=\"top\">&#8222;Verstaatlichung&#8220; im St\u00e4ndestaat. Der Ankauf der Privatbahnen in Mecklenburg-Schwerin im 19. Jahrhundert<\/td>\n<td width=\"70\" valign=\"top\">Seite 197<\/td>\n<\/tr>\n<tr>\n<td valign=\"top\">Christian von Plessen<\/td>\n<td valign=\"top\">Hans Balduin von Plessen (1907-1940). Erst Sympathisant, dann Gegner und schlie\u00dflich Verfolgter der Nationalsozialisten<\/td>\n<td width=\"70\" valign=\"top\">Seite 225<\/td>\n<\/tr>\n<tr>\n<td valign=\"top\">Matthias Manke<\/td>\n<td valign=\"top\">&#8222;Alle allhier Angesessenen&#8220;. Die Volksz\u00e4hlung in der Stadt Strelitz im Jahre 1730<\/td>\n<td width=\"70\" valign=\"top\">Seite 249<\/td>\n<\/tr>\n<tr>\n<td valign=\"top\">Andreas R\u00f6pcke<\/td>\n<td valign=\"top\">Ich, Georg Christian Friedrich Lisch. Eigenh\u00e4ndige Lebenschronik mit einem Nachwort<\/td>\n<td width=\"70\" valign=\"top\">Seite 273<\/td>\n<\/tr>\n<tr>\n<td valign=\"top\">Grete Grewolls<\/td>\n<td valign=\"top\">Georg Christian Friedrich Lisch (1801-1883) &#8211; ein Lebenswerk.<br \/>\nChronologisch geordnete Bibliographie seiner Schriften (Monographien und Aufs\u00e4tze)<\/td>\n<td width=\"70\" valign=\"top\">Seite 291<\/td>\n<\/tr>\n<tr>\n<td valign=\"top\">Grete Grewolls<\/td>\n<td valign=\"top\">Personalbibliographie Georg Christian Friedrich Lisch. Ver\u00f6ffentlichungen aus den Jahren 1877-2001<\/td>\n<td width=\"70\" valign=\"top\">Seite 391<\/td>\n<\/tr>\n<tr>\n<td valign=\"top\"><\/td>\n<td valign=\"top\">T\u00e4tigkeitsbericht des Vereins f\u00fcr mecklenburgische Geschichte und Altertumskunde e.V. f\u00fcr das Jahr 2000<\/td>\n<td width=\"70\" valign=\"top\">Seite 401<\/td>\n<\/tr>\n<tr>\n<td valign=\"top\">Peter-Joachim Rakow<\/td>\n<td valign=\"top\">Nachruf auf Franz Schubert<\/td>\n<td width=\"70\" valign=\"top\">Seite 405<\/td>\n<\/tr>\n<\/tbody>\n<\/table>\n","protected":false},"excerpt":{"rendered":"<p>Inhaltsverzeichnis Jahrgang 116 (2001) Fred Ruchh\u00f6ft Siedlungsgeschichtliche Komponenten zur Gr\u00fcndung der Stadt G\u00fcstrow Seite 9 Herbert Eisenstein \u00c4ygpten zur Zeit der Gefangenschaft F\u00fcrst Heinrichs I. (1272-1297) Seite 33 Thomas Elsmann &hellip; <a class=\"readmore\" href=\"https:\/\/www.geschichtsverein-mecklenburg.de\/?page_id=278\">Continue reading <span class=\"meta-nav\">&rarr;<\/span><\/a><\/p>\n","protected":false},"author":1,"featured_media":0,"parent":243,"menu_order":11,"comment_status":"open","ping_status":"open","template":"","meta":{"footnotes":""},"class_list":["post-278","page","type-page","status-publish","hentry"],"_links":{"self":[{"href":"https:\/\/www.geschichtsverein-mecklenburg.de\/index.php?rest_route=\/wp\/v2\/pages\/278"}],"collection":[{"href":"https:\/\/www.geschichtsverein-mecklenburg.de\/index.php?rest_route=\/wp\/v2\/pages"}],"about":[{"href":"https:\/\/www.geschichtsverein-mecklenburg.de\/index.php?rest_route=\/wp\/v2\/types\/page"}],"author":[{"embeddable":true,"href":"https:\/\/www.geschichtsverein-mecklenburg.de\/index.php?rest_route=\/wp\/v2\/users\/1"}],"replies":[{"embeddable":true,"href":"https:\/\/www.geschichtsverein-mecklenburg.de\/index.php?rest_route=%2Fwp%2Fv2%2Fcomments&post=278"}],"version-history":[{"count":5,"href":"https:\/\/www.geschichtsverein-mecklenburg.de\/index.php?rest_route=\/wp\/v2\/pages\/278\/revisions"}],"predecessor-version":[{"id":406,"href":"https:\/\/www.geschichtsverein-mecklenburg.de\/index.php?rest_route=\/wp\/v2\/pages\/278\/revisions\/406"}],"up":[{"embeddable":true,"href":"https:\/\/www.geschichtsverein-mecklenburg.de\/index.php?rest_route=\/wp\/v2\/pages\/243"}],"wp:attachment":[{"href":"https:\/\/www.geschichtsverein-mecklenburg.de\/index.php?rest_route=%2Fwp%2Fv2%2Fmedia&parent=278"}],"curies":[{"name":"wp","href":"https:\/\/api.w.org\/{rel}","templated":true}]}}