{"id":271,"date":"2012-03-15T14:56:08","date_gmt":"2012-03-15T14:56:08","guid":{"rendered":"http:\/\/test.heimatkunde-mv.de\/?page_id=271"},"modified":"2012-04-04T07:39:42","modified_gmt":"2012-04-04T07:39:42","slug":"mecklenburgische-jahrbucher-1999","status":"publish","type":"page","link":"https:\/\/www.geschichtsverein-mecklenburg.de\/?page_id=271","title":{"rendered":"Mecklenburgische Jahrb\u00fccher 114 (1999)"},"content":{"rendered":"<h2>Inhaltsverzeichnis<\/h2>\n<h3>Jahrgang 114 (1999)<\/h3>\n<table border=\"0\">\n<tbody>\n<tr>\n<td valign=\"top\">\u00a0<\/td>\n<td valign=\"top\">Erika Nagel geb. Beltz 31.12.1942-24.7.1999<br \/>\nNachruf<\/td>\n<td width=\"70\" valign=\"top\">Seite 3<\/td>\n<\/tr>\n<tr>\n<td valign=\"top\">Annette Landen<\/td>\n<td valign=\"top\">Die mittelalterliche Taufe der Dorfkirche in Neuburg bei Wismar<\/td>\n<td width=\"70\" valign=\"top\">Seite 5<\/td>\n<\/tr>\n<tr>\n<td valign=\"top\">Ilka S. Minneker und Dietrich W. Poeck<\/td>\n<td valign=\"top\">Herkunft und Zukunft<br \/>\nZu Repr\u00e4sentation und Memoria der mecklenburgischen Herz\u00f6ge in Doberan<\/td>\n<td width=\"70\" valign=\"top\">Seite 17<\/td>\n<\/tr>\n<tr>\n<td valign=\"top\">Ernst M\u00fcnch<\/td>\n<td valign=\"top\">Mecklenburg auf dem Gipfel<br \/>\nVoraussetzungen und Folgen der Herzogsw\u00fcrde 1348<\/td>\n<td width=\"70\" valign=\"top\">Seite 49<\/td>\n<\/tr>\n<tr>\n<td valign=\"top\">Kersten Kr\u00fcger<\/td>\n<td valign=\"top\">Schweden, Mecklenburg, Pommern und Brandenburg auf dem Westf\u00e4lischen Friedenskongre\u00df 1641-1648<\/td>\n<td width=\"70\" valign=\"top\">Seite 65<\/td>\n<\/tr>\n<tr>\n<td valign=\"top\">Steffen Stuth<\/td>\n<td valign=\"top\">G\u00fcstrow als Residenz am Ende des drei\u00dfigj\u00e4hrigen Kriges und in der Mitte des 17. Jahrhunderts<\/td>\n<td width=\"70\" valign=\"top\">Seite 81<\/td>\n<\/tr>\n<tr>\n<td valign=\"top\">Frank Braun<\/td>\n<td valign=\"top\">Das Alte Palais in Schwerin<\/td>\n<td width=\"70\" valign=\"top\">Seite 105<\/td>\n<\/tr>\n<tr>\n<td valign=\"top\">Matthias Manke<\/td>\n<td valign=\"top\">Zwischen Tradition und Moderne<br \/>\ndas Steuersystem in Mecklenburg-Schwerin im Zeitraum von 1755 bis 1870<\/td>\n<td width=\"70\" valign=\"top\">Seite 117<\/td>\n<\/tr>\n<tr>\n<td valign=\"top\">Klaus Baudis<\/td>\n<td valign=\"top\">Die mecklenburgische Reformvereinsbewegung als Organisationszentrum der revolution\u00e4ren Kr\u00e4fte 1848\/49<\/td>\n<td width=\"70\" valign=\"top\">Seite 147<\/td>\n<\/tr>\n<tr>\n<td valign=\"top\">Bernd Kasten<\/td>\n<td valign=\"top\">B\u00fcrgerausschuss und Magistrat der Residenzstadt Schwerin im Gefolge der Revolution von 1848<\/td>\n<td width=\"70\" valign=\"top\">Seite 169<\/td>\n<\/tr>\n<tr>\n<td valign=\"top\">Peter von Magnus<\/td>\n<td valign=\"top\">Der Fall Bernhardy<\/td>\n<td width=\"70\" valign=\"top\">Seite 183<\/td>\n<\/tr>\n<tr>\n<td valign=\"top\">Christa Cordshagen<\/td>\n<td valign=\"top\">Der Erwerb des in der Rostocker Universit\u00e4tsbibliothek befindlichen Gro\u00dfen Atlas<\/td>\n<td width=\"70\" valign=\"top\">Seite 221<\/td>\n<\/tr>\n<tr>\n<td valign=\"top\">Ulrich Kreuzfeld<\/td>\n<td valign=\"top\">Der Schlossbezirk in Ludwigslust 1756-1785<\/td>\n<td width=\"70\" valign=\"top\">Seite 225<\/td>\n<\/tr>\n<tr>\n<td valign=\"top\">\u00a0<\/td>\n<td valign=\"top\">Vereinsnachrichten<\/td>\n<td width=\"70\" valign=\"top\">Seite 245<\/td>\n<\/tr>\n<\/tbody>\n<\/table>\n","protected":false},"excerpt":{"rendered":"<p>Inhaltsverzeichnis Jahrgang 114 (1999) \u00a0 Erika Nagel geb. Beltz 31.12.1942-24.7.1999 Nachruf Seite 3 Annette Landen Die mittelalterliche Taufe der Dorfkirche in Neuburg bei Wismar Seite 5 Ilka S. Minneker und &hellip; <a class=\"readmore\" href=\"https:\/\/www.geschichtsverein-mecklenburg.de\/?page_id=271\">Continue reading <span class=\"meta-nav\">&rarr;<\/span><\/a><\/p>\n","protected":false},"author":1,"featured_media":0,"parent":243,"menu_order":9,"comment_status":"open","ping_status":"open","template":"","meta":{"footnotes":""},"class_list":["post-271","page","type-page","status-publish","hentry"],"_links":{"self":[{"href":"https:\/\/www.geschichtsverein-mecklenburg.de\/index.php?rest_route=\/wp\/v2\/pages\/271"}],"collection":[{"href":"https:\/\/www.geschichtsverein-mecklenburg.de\/index.php?rest_route=\/wp\/v2\/pages"}],"about":[{"href":"https:\/\/www.geschichtsverein-mecklenburg.de\/index.php?rest_route=\/wp\/v2\/types\/page"}],"author":[{"embeddable":true,"href":"https:\/\/www.geschichtsverein-mecklenburg.de\/index.php?rest_route=\/wp\/v2\/users\/1"}],"replies":[{"embeddable":true,"href":"https:\/\/www.geschichtsverein-mecklenburg.de\/index.php?rest_route=%2Fwp%2Fv2%2Fcomments&post=271"}],"version-history":[{"count":4,"href":"https:\/\/www.geschichtsverein-mecklenburg.de\/index.php?rest_route=\/wp\/v2\/pages\/271\/revisions"}],"predecessor-version":[{"id":273,"href":"https:\/\/www.geschichtsverein-mecklenburg.de\/index.php?rest_route=\/wp\/v2\/pages\/271\/revisions\/273"}],"up":[{"embeddable":true,"href":"https:\/\/www.geschichtsverein-mecklenburg.de\/index.php?rest_route=\/wp\/v2\/pages\/243"}],"wp:attachment":[{"href":"https:\/\/www.geschichtsverein-mecklenburg.de\/index.php?rest_route=%2Fwp%2Fv2%2Fmedia&parent=271"}],"curies":[{"name":"wp","href":"https:\/\/api.w.org\/{rel}","templated":true}]}}