{"id":261,"date":"2012-03-15T14:47:31","date_gmt":"2012-03-15T14:47:31","guid":{"rendered":"http:\/\/test.heimatkunde-mv.de\/?page_id=261"},"modified":"2012-10-05T07:41:10","modified_gmt":"2012-10-05T07:41:10","slug":"mecklenburgische-jahrbucher-1995","status":"publish","type":"page","link":"https:\/\/www.geschichtsverein-mecklenburg.de\/?page_id=261","title":{"rendered":"Mecklenburgische Jahrb\u00fccher 110 (1995)"},"content":{"rendered":"<h2>Inhaltsverzeichnis<\/h2>\n<h3>Jahrgang 110 (1995)<\/h3>\n<table border=\"0\">\n<tbody>\n<tr>\n<td valign=\"top\">Peter Donat<\/td>\n<td valign=\"top\">Mecklenburg und Oldenburg im 8. bis 10. Jahrhundert<\/td>\n<td width=\"70\" valign=\"top\">Seite 5<\/td>\n<\/tr>\n<tr>\n<td valign=\"top\">Nils R\u00fchberg<\/td>\n<td valign=\"top\">Obodritische Samtherrscher und s\u00e4chsische Reichsgewalt von der Mitte des 10. Jahrhunderts bis zur Erhebung des F\u00fcrstentums Mecklenburg 1167<\/td>\n<td width=\"70\" valign=\"top\">Seite 21<\/td>\n<\/tr>\n<tr>\n<td valign=\"top\">Jonathan Strom<\/td>\n<td valign=\"top\">Das Rostocker Geistliche Ministerium und sein Archiv<\/td>\n<td width=\"70\" valign=\"top\">Seite 51<\/td>\n<\/tr>\n<tr>\n<td valign=\"top\">Thomas Elsmann<\/td>\n<td valign=\"top\">Der Fall Rudolf von M\u00fcnchhausen (1559\/60)<\/td>\n<td width=\"70\" valign=\"top\">Seite 77<\/td>\n<\/tr>\n<tr>\n<td valign=\"top\">Wolfgang Virk<\/td>\n<td valign=\"top\">J\u00fcdische Medailleure in Mecklenburg<\/td>\n<td width=\"70\" valign=\"top\">Seite 97<\/td>\n<\/tr>\n<tr>\n<td valign=\"top\">Erwin Neumann<\/td>\n<td valign=\"top\">Aufkl\u00e4rung in Mecklenburg-Schwerin<\/td>\n<td width=\"70\" valign=\"top\">Seite 121<\/td>\n<\/tr>\n<tr>\n<td valign=\"top\">Bernd Kasten<\/td>\n<td valign=\"top\">Die Regierung Schr\u00f6der auf der Suche nach einer parlamentatischen Mehrheit in Mecklenburg-Schwerin 1926-1929<br \/>\nVom &#8222;H\u00fcten einer Flohherde&#8220;<\/td>\n<td width=\"70\" valign=\"top\">Seite 155<\/td>\n<\/tr>\n<tr>\n<td valign=\"top\">Hans-Heinz Sch\u00fctt<\/td>\n<td valign=\"top\">Zur Geschichte des Vereins f\u00fcr Mecklenburgische Geschichte und Altertumskunde<\/td>\n<td width=\"70\" valign=\"top\">Seite 169<\/td>\n<\/tr>\n<tr>\n<td valign=\"top\"><\/td>\n<td valign=\"top\">Der Beitrag der Jahrb\u00fccher des Vereins f\u00fcr mecklenburgische Geschichte und Altertumskunde zur Erforschung der Geschichte Mecklenburgs<\/td>\n<td width=\"70\" valign=\"top\">Seite 193<\/td>\n<\/tr>\n<tr>\n<td valign=\"top\">J\u00f6rn Jacobs<\/td>\n<td valign=\"top\">Die Ur- und Fr\u00fchgeschichtsforschung im Spiegel der Jahrb\u00fccher des Vereins f\u00fcr mecklenburgische Geschichte und Altertumskunde<\/td>\n<td width=\"70\" valign=\"top\">Seite 211<\/td>\n<\/tr>\n<tr>\n<td valign=\"top\">Christa Cordshagen<\/td>\n<td valign=\"top\">160 Jahre Verein f\u00fcr mecklenburgische Geschichte und Altertumskunde<br \/>\nFestveranstaltung am 22. April 1995 in Schwerin<\/td>\n<td width=\"70\" valign=\"top\">Seite 221<\/td>\n<\/tr>\n<tr>\n<td valign=\"top\">Antjekathrin Grassmann<\/td>\n<td valign=\"top\">Geschichtsvereine heute<\/td>\n<td width=\"70\" valign=\"top\">Seite 227<\/td>\n<\/tr>\n<tr>\n<td valign=\"top\">Inge Mager<\/td>\n<td valign=\"top\">Geistige, kirchliche und dynastische Beziehungen zwischen Mecklenburg und Niedersachsen im ausgehenden 16. Jahrhundert<\/td>\n<td width=\"70\" valign=\"top\">Seite 231<\/td>\n<\/tr>\n<tr>\n<td valign=\"top\">Helge bei der Wieden<\/td>\n<td valign=\"top\">Die Historische Kommission f\u00fcr Mecklenburg<\/td>\n<td width=\"70\" valign=\"top\">Seite 239<\/td>\n<\/tr>\n<tr>\n<td valign=\"top\"><\/td>\n<td valign=\"top\">Rezensionen und Annotationen<\/td>\n<td width=\"70\" valign=\"top\">Seite 245<\/td>\n<\/tr>\n<tr>\n<td valign=\"top\"><\/td>\n<td valign=\"top\">Vereinsnachrichten<\/td>\n<td width=\"70\" valign=\"top\">Seite 251<\/td>\n<\/tr>\n<\/tbody>\n<\/table>\n","protected":false},"excerpt":{"rendered":"<p>Inhaltsverzeichnis Jahrgang 110 (1995) Peter Donat Mecklenburg und Oldenburg im 8. bis 10. Jahrhundert Seite 5 Nils R\u00fchberg Obodritische Samtherrscher und s\u00e4chsische Reichsgewalt von der Mitte des 10. Jahrhunderts bis &hellip; <a class=\"readmore\" href=\"https:\/\/www.geschichtsverein-mecklenburg.de\/?page_id=261\">Continue reading <span class=\"meta-nav\">&rarr;<\/span><\/a><\/p>\n","protected":false},"author":1,"featured_media":0,"parent":243,"menu_order":5,"comment_status":"open","ping_status":"open","template":"","meta":{"footnotes":""},"class_list":["post-261","page","type-page","status-publish","hentry"],"_links":{"self":[{"href":"https:\/\/www.geschichtsverein-mecklenburg.de\/index.php?rest_route=\/wp\/v2\/pages\/261"}],"collection":[{"href":"https:\/\/www.geschichtsverein-mecklenburg.de\/index.php?rest_route=\/wp\/v2\/pages"}],"about":[{"href":"https:\/\/www.geschichtsverein-mecklenburg.de\/index.php?rest_route=\/wp\/v2\/types\/page"}],"author":[{"embeddable":true,"href":"https:\/\/www.geschichtsverein-mecklenburg.de\/index.php?rest_route=\/wp\/v2\/users\/1"}],"replies":[{"embeddable":true,"href":"https:\/\/www.geschichtsverein-mecklenburg.de\/index.php?rest_route=%2Fwp%2Fv2%2Fcomments&post=261"}],"version-history":[{"count":6,"href":"https:\/\/www.geschichtsverein-mecklenburg.de\/index.php?rest_route=\/wp\/v2\/pages\/261\/revisions"}],"predecessor-version":[{"id":441,"href":"https:\/\/www.geschichtsverein-mecklenburg.de\/index.php?rest_route=\/wp\/v2\/pages\/261\/revisions\/441"}],"up":[{"embeddable":true,"href":"https:\/\/www.geschichtsverein-mecklenburg.de\/index.php?rest_route=\/wp\/v2\/pages\/243"}],"wp:attachment":[{"href":"https:\/\/www.geschichtsverein-mecklenburg.de\/index.php?rest_route=%2Fwp%2Fv2%2Fmedia&parent=261"}],"curies":[{"name":"wp","href":"https:\/\/api.w.org\/{rel}","templated":true}]}}