{"id":1088,"date":"2024-12-06T12:42:25","date_gmt":"2024-12-06T12:42:25","guid":{"rendered":"https:\/\/www.geschichtsverein-mecklenburg.de\/?page_id=1088"},"modified":"2024-12-06T12:42:25","modified_gmt":"2024-12-06T12:42:25","slug":"mecklenburgische-jahrbuecher-138-2023","status":"publish","type":"page","link":"https:\/\/www.geschichtsverein-mecklenburg.de\/?page_id=1088","title":{"rendered":"Mecklenburgische Jahrb\u00fccher 138 (2023)"},"content":{"rendered":"\n<div class=\"wp-block-columns is-layout-flex wp-container-core-columns-is-layout-1 wp-block-columns-is-layout-flex\">\n<div class=\"wp-block-column is-layout-flow wp-block-column-is-layout-flow\" style=\"flex-basis:100%\">\n<div class=\"wp-block-group\"><div class=\"wp-block-group__inner-container is-layout-constrained wp-block-group-is-layout-constrained\">\n<h2 class=\"wp-block-heading\"><\/h2>\n\n\n\n<div class=\"wp-block-group\"><div class=\"wp-block-group__inner-container is-layout-constrained wp-block-group-is-layout-constrained\">\n<h2>Inhaltsverzeichnis<\/h2>\n<table width=\"894\">\n<tbody>\n<tr>\n<td colspan=\"2\" width=\"762\"><strong>Aufs\u00e4tze und Miszellen<\/strong><\/td>\n<td width=\"132\">\u00a0<\/td>\n<\/tr>\n<tr>\n<td width=\"144\">Ortwin Pelc<\/td>\n<td width=\"618\">Mecklenburg und die Seer\u00e4uber der Hansezeit<\/td>\n<td width=\"132\">Seite 7<\/td>\n<\/tr>\n<tr>\n<td width=\"144\">Anette L\u00f6ffler<\/td>\n<td width=\"618\">Die Schweriner Liturgie im Mittelalter. \u00dcberlegungen zu einem neu aufgefundenen Fragment eines Liber Ordinarius m\u00f6glicherweise f\u00fcr den Schweriner Dom<\/td>\n<td width=\"132\">Seite 33<\/td>\n<\/tr>\n<tr>\n<td width=\"144\">Anke Huschner<\/td>\n<td width=\"618\">Wilhelm von Werle (gest.1436). Lebensstationen und Memorialvorsorge des letzten F\u00fcrsten von Wenden<\/td>\n<td width=\"132\">Seite 69<\/td>\n<\/tr>\n<tr>\n<td width=\"144\">Wolfgang Eric Wagner<\/td>\n<td width=\"618\">\u201eDu sollst die Scham der Frau deines Bruders nicht entbl\u00f6\u00dfen\u2026\u201c (Levitikus 18,16). Die Ehe von Magnus II., Herzog von Mecklenburg (1441-1503), und Sophie, Herzogin von Pommern-Stettin (\u2020 1504), vor dem p\u00e4pstlichen Gericht<\/td>\n<td width=\"132\">Seite 117<\/td>\n<\/tr>\n<tr>\n<td width=\"144\">Uwe Hentschel<\/td>\n<td width=\"618\">Mecklenburg in alten Reisebeschreibungen<\/td>\n<td width=\"132\">Seite 141<\/td>\n<\/tr>\n<tr>\n<td width=\"144\">Jakob Schwichten-berg<\/td>\n<td width=\"618\">Von alten \u201eerschrecklichen B\u00e4renm\u00fctzen\u201c. Die Uniform der Galawache des Schweriner Hofes zwischen 1857 und 1918<\/td>\n<td width=\"132\">Seite 163<\/td>\n<\/tr>\n<tr>\n<td width=\"144\">Heiko Kreft<\/td>\n<td width=\"618\">\u201eJa, Gemeinde will ich schaffen!\u201c Zur Geschichte des Freik\u00f6rperkulturgel\u00e4ndes \u201eJungm\u00f6hl\u201c am Plauer See (1928-1945)<\/td>\n<td width=\"132\">Seite 181<\/td>\n<\/tr>\n<tr>\n<td width=\"144\">Reno Stutz<\/td>\n<td width=\"618\">Die Artamanen in den Jahren des Nationalsozialismus in Mecklenburg<\/td>\n<td width=\"132\">Seite 211<\/td>\n<\/tr>\n<tr>\n<td width=\"144\">Joachim von Wedel<\/td>\n<td width=\"618\">Der Fall Boek. Die Ver\u00e4u\u00dferung eines mecklenburgischen Gutes an den Reichsverband der Deutschen Luftfahrtindustrie im Jahre 1935<\/td>\n<td width=\"132\">Seite 229<\/td>\n<\/tr>\n<tr>\n<td colspan=\"2\" width=\"762\"><strong>Zweite Gadebuscher Gadebuscher Schloss-Tagung am 24. September 2022<\/strong><\/td>\n<td width=\"132\">\u00a0<\/td>\n<\/tr>\n<tr>\n<td width=\"144\">Ernst M\u00fcnch<\/td>\n<td width=\"618\">\u00a0Gl\u00fccklos in Gadebusch. Mecklenburgische Landesherren von Nikolaus II. bis Johann Albrecht II.<\/td>\n<td width=\"132\">Seite 249<\/td>\n<\/tr>\n<tr>\n<td width=\"144\">Anke Huschner<\/td>\n<td width=\"618\">F\u00fcrstliche Frauen auf Schloss Gadebusch (13. \u2013 15. Jahrhundert)<\/td>\n<td width=\"132\">Seite 261<\/td>\n<\/tr>\n<tr>\n<td width=\"144\">Kristina Hegner<\/td>\n<td width=\"618\">Das Grabdenkmal f\u00fcr Herzog Christoff von Mecklenburg im Dom zu Schweri<\/td>\n<td width=\"132\">Seite 277<\/td>\n<\/tr>\n<tr>\n<td colspan=\"2\" width=\"762\"><strong>Dokumentation<\/strong><\/td>\n<td width=\"132\">\u00a0<\/td>\n<\/tr>\n<tr>\n<td width=\"144\">Hubertus Fischer<\/td>\n<td width=\"618\">Von \u201eHerzensergie\u00dfungen\u201c und \u201ereellen Vortheilen\u201c. Unbekannte Briefe August Graf von der Schulenburgs an Leopold von Ledebur 1831\/32 aus Mirow<\/td>\n<td width=\"132\">Seite 291<\/td>\n<\/tr>\n<tr>\n<td width=\"144\">Bernd Kasten (Hg. u. Einleitung)<\/td>\n<td width=\"618\">Bericht des Gro\u00dfherzogs Friedrich Franz IV. \u00fcber die Novemberrevolution 1918 in Schwerin<\/td>\n<td width=\"132\">Seite 309<\/td>\n<\/tr>\n<tr>\n<td width=\"144\">Matthias Manke (Hg. u. Einleitung)<\/td>\n<td width=\"618\">Erinnerungsbericht des Gutsadministrators Wilhelm M\u00fcller \u00fcber den Gutsbetrieb in Krumbeck 1934-1945 und die Flucht aus Mecklenburg nach Schleswig-Holstein 1945<\/td>\n<td width=\"132\">Seite 327<\/td>\n<\/tr>\n<tr>\n<td width=\"144\">Alla Dmytruk<\/td>\n<td width=\"618\">Neuerscheinungen der Jahre 2021 und 2022 zur mecklenburgischen Geschichte in Auswahl<\/td>\n<td width=\"132\">Seite 379<\/td>\n<\/tr>\n<tr>\n<td colspan=\"2\" width=\"762\"><strong>Vereinsnachrichten<\/strong><\/td>\n<td width=\"132\">\u00a0<\/td>\n<\/tr>\n<tr>\n<td width=\"144\">\u00a0<\/td>\n<td width=\"618\">T\u00e4tigkeitsbericht des Vereins f\u00fcr mecklenburgische Geschichte und Altertumskunde e. V. f\u00fcr die Jahre 2021 und 2022<\/td>\n<td width=\"132\">Seite 387<\/td>\n<\/tr>\n<tr>\n<td width=\"144\">\u00a0<\/td>\n<td width=\"618\">Aus der Arbeit der Historischen Kommission f\u00fcr Mecklenburg e. V. 2021 und 2022<\/td>\n<td width=\"132\">Seite 391<\/td>\n<\/tr>\n<tr>\n<td width=\"144\">\u00a0<\/td>\n<td width=\"618\">Abk\u00fcrzungsverzeichnis<\/td>\n<td width=\"132\">Seite 393<\/td>\n<\/tr>\n<\/tbody>\n<\/table>\n<\/div><\/div>\n<\/div><\/div>\n<\/div>\n<\/div>\n\n\n\n<p><\/p>\n","protected":false},"excerpt":{"rendered":"<p>Inhaltsverzeichnis Aufs\u00e4tze und Miszellen \u00a0 Ortwin Pelc Mecklenburg und die Seer\u00e4uber der Hansezeit Seite 7 Anette L\u00f6ffler Die Schweriner Liturgie im Mittelalter. \u00dcberlegungen zu einem neu aufgefundenen Fragment eines Liber &hellip; <a class=\"readmore\" href=\"https:\/\/www.geschichtsverein-mecklenburg.de\/?page_id=1088\">Continue reading <span class=\"meta-nav\">&rarr;<\/span><\/a><\/p>\n","protected":false},"author":1,"featured_media":0,"parent":1063,"menu_order":1,"comment_status":"closed","ping_status":"closed","template":"","meta":{"footnotes":""},"class_list":["post-1088","page","type-page","status-publish","hentry"],"_links":{"self":[{"href":"https:\/\/www.geschichtsverein-mecklenburg.de\/index.php?rest_route=\/wp\/v2\/pages\/1088"}],"collection":[{"href":"https:\/\/www.geschichtsverein-mecklenburg.de\/index.php?rest_route=\/wp\/v2\/pages"}],"about":[{"href":"https:\/\/www.geschichtsverein-mecklenburg.de\/index.php?rest_route=\/wp\/v2\/types\/page"}],"author":[{"embeddable":true,"href":"https:\/\/www.geschichtsverein-mecklenburg.de\/index.php?rest_route=\/wp\/v2\/users\/1"}],"replies":[{"embeddable":true,"href":"https:\/\/www.geschichtsverein-mecklenburg.de\/index.php?rest_route=%2Fwp%2Fv2%2Fcomments&post=1088"}],"version-history":[{"count":11,"href":"https:\/\/www.geschichtsverein-mecklenburg.de\/index.php?rest_route=\/wp\/v2\/pages\/1088\/revisions"}],"predecessor-version":[{"id":1099,"href":"https:\/\/www.geschichtsverein-mecklenburg.de\/index.php?rest_route=\/wp\/v2\/pages\/1088\/revisions\/1099"}],"up":[{"embeddable":true,"href":"https:\/\/www.geschichtsverein-mecklenburg.de\/index.php?rest_route=\/wp\/v2\/pages\/1063"}],"wp:attachment":[{"href":"https:\/\/www.geschichtsverein-mecklenburg.de\/index.php?rest_route=%2Fwp%2Fv2%2Fmedia&parent=1088"}],"curies":[{"name":"wp","href":"https:\/\/api.w.org\/{rel}","templated":true}]}}